{"id":2849,"date":"2026-04-29T15:01:41","date_gmt":"2026-04-29T13:01:41","guid":{"rendered":"https:\/\/milieuxdumonde.com\/?page_id=2849"},"modified":"2026-04-30T14:24:18","modified_gmt":"2026-04-30T12:24:18","slug":"entretien-avec-marc-bayle-episode-4-lavenir-de-toulon","status":"publish","type":"page","link":"https:\/\/milieuxdumonde.com\/es\/entretien-avec-marc-bayle-episode-4-lavenir-de-toulon\/","title":{"rendered":"Entretien avec Marc Bayle &#8211; \u00c9pisode 4: L\u2019avenir de Toulon."},"content":{"rendered":"<h1>Entretien avec Marc Bayle &#8211; \u00c9pisode 4: L\u2019avenir de Toulon.<\/h1>\n<div class=\"row\"  id=\"row-1648668138\">\n\n\t<div id=\"col-58467520\" class=\"col medium-9 small-12 large-9\"  >\n\t\t\t\t<div class=\"col-inner\"  >\n\t\t\t\n\t\t\t\n<h3>Marc Bayle revient sur ses liens avec Toulon et les singularit\u00e9s de la ville.<\/h3>\n<p class=\"font-claude-response-body break-words whitespace-normal leading-&#091;1.7&#093;\">Dans ce <strong>quatri\u00e8me et dernier \u00e9pisode<\/strong>, Marc Bayle se tourne vers <strong>l&rsquo;avenir de Toulon<\/strong>. Pour lui, <strong>c&rsquo;est par la mer que tout se jouera<\/strong> : Naval Group, la robotique marine, les drones, les sous-marins, la croisi\u00e8re.<\/p>\n<p class=\"font-claude-response-body break-words whitespace-normal leading-&#091;1.7&#093;\"><strong>Un vrai cluster technologique<\/strong> s&rsquo;est form\u00e9 autour du maritime. Il souligne aussi les atouts r\u00e9cents de la ville : son statut de m\u00e9tropole, son universit\u00e9 en d\u00e9veloppement, un immobilier accessible et un centre-ville r\u00e9nov\u00e9.<\/p>\n<p class=\"font-claude-response-body break-words whitespace-normal leading-&#091;1.7&#093;\">Enfin, il insiste sur <strong>le r\u00f4le souvent sous-estim\u00e9 des maires<\/strong>, rappelant que les erreurs des municipalit\u00e9s des ann\u00e9es 60-70, qui ont laiss\u00e9 filer l&rsquo;universit\u00e9 et les zones d&rsquo;activit\u00e9 en p\u00e9riph\u00e9rie, ont durablement appauvri la ville. Un pr\u00e9sidentialisme municipal qu&rsquo;on ne mesure pas assez.<\/p>\n\t\t<\/div>\n\t\t\t\t\t<\/div>\n\n\t\n\n\t<div id=\"col-1366761435\" class=\"col medium-3 small-12 large-3\"  >\n\t\t\t\t<div class=\"col-inner text-center\"  >\n\t\t\t\n\t\t\t\n\t<div class=\"box has-hover   has-hover box-text-bottom\" >\n\n\t\t<div class=\"box-image\" style=\"width:57%;\">\n\t\t\t\t\t\t<div class=\"\" >\n\t\t\t\t<img loading=\"lazy\" decoding=\"async\" width=\"612\" height=\"920\" src=\"https:\/\/milieuxdumonde.com\/wp-content\/uploads\/2022\/05\/Marc-Rene-Bayle.jpeg\" class=\"attachment- size-\" alt=\"\" srcset=\"https:\/\/milieuxdumonde.com\/wp-content\/uploads\/2022\/05\/Marc-Rene-Bayle.jpeg 612w, https:\/\/milieuxdumonde.com\/wp-content\/uploads\/2022\/05\/Marc-Rene-Bayle-266x400.jpeg 266w, https:\/\/milieuxdumonde.com\/wp-content\/uploads\/2022\/05\/Marc-Rene-Bayle-532x800.jpeg 532w, https:\/\/milieuxdumonde.com\/wp-content\/uploads\/2022\/05\/Marc-Rene-Bayle-8x12.jpeg 8w, https:\/\/milieuxdumonde.com\/wp-content\/uploads\/2022\/05\/Marc-Rene-Bayle-300x451.jpeg 300w, https:\/\/milieuxdumonde.com\/wp-content\/uploads\/2022\/05\/Marc-Rene-Bayle-600x902.jpeg 600w\" sizes=\"auto, (max-width: 612px) 100vw, 612px\" \/>\t\t\t\t\t\t\t\t\t\t\t<\/div>\n\t\t\t\t\t<\/div>\n\n\t\t<div class=\"box-text text-center\" >\n\t\t\t<div class=\"box-text-inner\">\n\t\t\t\t\n\t<div id=\"text-2630304397\" class=\"text\">\n\t\t\n<h4>Marc Bayle<\/h4>\n<p>Pr\u00e9fet honoraire, ancien commissaire de la Marine<br \/>\n\t\t\n<style>\n#text-2630304397 {\n  font-size: 0.75rem;\n  line-height: 1.1;\n}\n<\/style>\n\t<\/div>\n\t\n\t\t\t<\/div>\n\t\t<\/div>\n\t<\/div>\n\t\n\t\t<\/div>\n\t\t\t\t\t<\/div>\n\n\t\n\n<style>\n#row-1648668138 > .col > .col-inner {\n  padding: 15px 0px 0px 0px;\n}\n<\/style>\n<\/div>\n<div class=\"row\"  id=\"row-106026150\">\n\n\t<div id=\"col-339335266\" class=\"col small-12 large-12\"  >\n\t\t\t\t<div class=\"col-inner\"  >\n\t\t\t\n\t\t\t\n<div class=\"video video-fit mb\" style=\"padding-top:56.25%;\"><p><iframe loading=\"lazy\" title=\"Marc Bayle - \u00c9pisode 4: L\u2019avenir de Toulon.\" width=\"1020\" height=\"574\" src=\"https:\/\/www.youtube.com\/embed\/H0ExszHJlUY?feature=oembed\" frameborder=\"0\" allow=\"accelerometer; autoplay; clipboard-write; encrypted-media; gyroscope; picture-in-picture; web-share\" referrerpolicy=\"strict-origin-when-cross-origin\" allowfullscreen><\/iframe><\/p>\n<\/div>\n<p class=\"font-claude-response-body break-words whitespace-normal leading-&#091;1.7&#093;\"><strong>MILIEUX DU MONDE<\/strong> \u2014 Une ville qui a beaucoup d&rsquo;atouts et dont on peut penser l&rsquo;avenir aujourd&rsquo;hui. Pour aborder ces derni\u00e8res questions sur une ville qui conna\u00eet ses ombres et ses lumi\u00e8res : pensez-vous que Toulon doive renouer avec sa vocation maritime ou se replier sur son hinterland ?<\/p>\n<p class=\"font-claude-response-body break-words whitespace-normal leading-&#091;1.7&#093;\"><strong>Marc Bayle<\/strong> \u2014 C&rsquo;est la vocation maritime, sans aucun doute. D&rsquo;ailleurs, il y a eu beaucoup d&rsquo;efforts et d&rsquo;am\u00e9liorations. Naval Group est devenu une soci\u00e9t\u00e9 de haute technologie, de grosse mati\u00e8re grise. Ils sont install\u00e9s \u00e0 Ollioules, \u00e0 c\u00f4t\u00e9 de Toulon, et il y a tout un r\u00e9seau de sous-traitants adoss\u00e9s \u00e0 Naval Group. La robotique marine, les drones, les sous-marins, l&rsquo;activit\u00e9 sous-marine\u2026 Il y a vraiment une esp\u00e8ce de cluster qui s&rsquo;est constitu\u00e9 autour du maritime et de la recherche marine, avec des entreprises, y compris am\u00e9ricaines. Ce n&rsquo;est que par la mer que l&rsquo;avenir de Toulon se d\u00e9veloppera.<\/p>\n<p class=\"font-claude-response-body break-words whitespace-normal leading-&#091;1.7&#093;\">La croisi\u00e8re aussi. Elle a pris un essor \u00e9norme depuis trente ou quarante ans, pour une raison tr\u00e8s simple : la rade de Toulon est sous commandement militaire, ce qui en fait un port tr\u00e8s s\u00fbr pour les croisi\u00e9ristes, par rapport \u00e0 Marseille o\u00f9 il y a souvent des gr\u00e8ves. Les liaisons avec la Corse, avec la Sardaigne se font autant depuis Toulon que depuis Marseille ou Nice, o\u00f9 il y a souvent des perturbations sociales.<\/p>\n<p class=\"font-claude-response-body break-words whitespace-normal leading-&#091;1.7&#093;\">Et ce n&rsquo;est pas du tout dans son hinterland que Toulon trouvera son avenir, parce que le Var est tr\u00e8s diversifi\u00e9. Vous avez un Var rural, un Var C\u00f4te d&rsquo;Azur\u2026 Toulon, c&rsquo;est la mer, tout ce qui est technologie de la mer.<\/p>\n<p class=\"font-claude-response-body break-words whitespace-normal leading-&#091;1.7&#093;\"><strong>MILIEUX DU MONDE<\/strong> \u2014 Quelle place peut occuper Toulon dans cet espace m\u00e9diterran\u00e9en en recomposition aujourd&rsquo;hui ?<\/p>\n<p class=\"font-claude-response-body break-words whitespace-normal leading-&#091;1.7&#093;\"><strong>Marc Bayle<\/strong> \u2014 D&rsquo;abord comme port militaire. Ce sera toujours le port de projection. D\u00e8s que le porte-avions appara\u00eet, \u00e7a veut dire qu&rsquo;il y a une crise quelque part. C&rsquo;est sa vocation militaire. Et puis ce p\u00f4le de technologie marine, tr\u00e8s important.<\/p>\n<p class=\"font-claude-response-body break-words whitespace-normal leading-&#091;1.7&#093;\"><strong>MILIEUX DU MONDE<\/strong> \u2014 Est-ce que Toulon est dot\u00e9e du bon mod\u00e8le pour aborder l&rsquo;avenir, ou pourrait-elle \u00e9voluer vers un mod\u00e8le de d\u00e9veloppement comparable \u00e0 d&rsquo;autres grandes villes m\u00e9diterran\u00e9ennes ?<\/p>\n<p class=\"font-claude-response-body break-words whitespace-normal leading-&#091;1.7&#093;\"><strong>Marc Bayle<\/strong> \u2014 Non, parce qu&rsquo;elle sera toujours concurrenc\u00e9e par plus fort qu&rsquo;elle en mati\u00e8re \u00e9conomique, comme Marseille ou Barcelone. Je pense que Toulon a pris le pli r\u00e9cent, mais encourageant, d&rsquo;\u00eatre un port de d\u00e9veloppement maritime. Brest l&rsquo;avait \u00e9t\u00e9 avant Toulon. Dans les ann\u00e9es quatre-vingt, Brest avait compris que la marine n&rsquo;\u00e9tait pas toujours son avenir et a \u00e9t\u00e9 tr\u00e8s innovante sur la technologie marine et sous-marine. Toulon a pris ce pli maintenant, gr\u00e2ce \u00e0 Naval Group et aux entreprises qui gravitent autour. Toulon ne sera jamais un p\u00f4le touristique comme Nice, ni un p\u00f4le industriel comme Marseille avec Fos.<\/p>\n<p class=\"font-claude-response-body break-words whitespace-normal leading-&#091;1.7&#093;\"><strong>MILIEUX DU MONDE<\/strong> \u2014 Est-ce qu&rsquo;il y a des convergences fortes avec d&rsquo;autres grandes villes de la M\u00e9diterran\u00e9e comme G\u00eanes, Beyrouth, Tunis ? Est-ce que ce r\u00e9seau de villes m\u00e9diterran\u00e9ennes existe ?<\/p>\n<p class=\"font-claude-response-body break-words whitespace-normal leading-&#091;1.7&#093;\"><strong>Marc Bayle<\/strong> \u2014 Non, la R\u00e9gion Sud, le conseil r\u00e9gional le fait, mais pas Toulon en tant que tel. \u00c7a reste assez individualis\u00e9. Le d\u00e9veloppement de la recherche marine et sous-marine se fait de mani\u00e8re industrielle, avec des \u00e9quipes de tr\u00e8s haut niveau sur le plan national, voire international et europ\u00e9en. Mais \u00e7a reste encore assez endog\u00e8ne.<\/p>\n<p class=\"font-claude-response-body break-words whitespace-normal leading-&#091;1.7&#093;\">Il y a quand m\u00eame des opportunit\u00e9s. Par exemple, \u00e0 La Londe, \u00e0 quarante kilom\u00e8tres de Toulon, Naval Group est en train de construire une usine extraordinaire de drones. Mille \u00e0 mille cinq cents ing\u00e9nieurs et techniciens vont s&rsquo;y installer.<\/p>\n<p class=\"font-claude-response-body break-words whitespace-normal leading-&#091;1.7&#093;\"><strong>MILIEUX DU MONDE<\/strong> \u2014 Parmi tous les atouts de Toulon \u00e9voqu\u00e9s pendant notre \u00e9change, quels sont, \u00e0 votre avis, les plus importants pour l&rsquo;avenir de la ville ?<\/p>\n<p class=\"font-claude-response-body break-words whitespace-normal leading-&#091;1.7&#093;\"><strong>Marc Bayle<\/strong> \u2014 Il y a d&rsquo;abord son secteur maritime, qui est assez innovant par rapport \u00e0 ce qu&rsquo;il \u00e9tait il y a \u00e0 peine trente ans.<\/p>\n<p class=\"font-claude-response-body break-words whitespace-normal leading-&#091;1.7&#093;\">Il y a ensuite le fait que Toulon est devenue une m\u00e9tropole, Toulon Provence-M\u00e9diterran\u00e9e, ce qui manquait beaucoup avant. Cette m\u00e9tropole a pris toutes les comp\u00e9tences d&rsquo;une communaut\u00e9 d&rsquo;agglom\u00e9ration et d&rsquo;un conseil d\u00e9partemental. C&rsquo;est un vrai atout.<\/p>\n<p class=\"font-claude-response-body break-words whitespace-normal leading-&#091;1.7&#093;\">Elle est aussi devenue une ville universitaire, ce qui n&rsquo;\u00e9tait pas sa tradition. Il y a plus de dix mille \u00e9tudiants, dont une partie est d\u00e9di\u00e9e aux questions de la mer. L&rsquo;universit\u00e9 cherche \u00e0 trouver ses cr\u00e9neaux, un peu enserr\u00e9e entre les grandes universit\u00e9s d&rsquo;Aix-Marseille et de Nice.<\/p>\n<p class=\"font-claude-response-body break-words whitespace-normal leading-&#091;1.7&#093;\">Et puis il y a peut-\u00eatre, sans devenir un haut lieu touristique, une meilleure attractivit\u00e9 que dans le pass\u00e9 r\u00e9cent. C&rsquo;est une ville accessible, avec des logements abordables. Elle peut \u00eatre rendue agr\u00e9able pour des gens qui cherchent quelque chose qui ne soit pas bling-bling, qui ne soit pas tr\u00e8s C\u00f4te d&rsquo;Azur.<\/p>\n<p class=\"font-claude-response-body break-words whitespace-normal leading-&#091;1.7&#093;\"><strong>MILIEUX DU MONDE<\/strong> \u2014 Pour finir notre entretien, y a-t-il un point particulier sur Toulon que vous aimeriez signaler ?<\/p>\n<p class=\"font-claude-response-body break-words whitespace-normal leading-&#091;1.7&#093;\"><strong>Marc Bayle<\/strong> \u2014 Peut-\u00eatre dire quelque chose qui rel\u00e8ve de ma r\u00e9flexion politique et historique : le r\u00f4le des maires est tr\u00e8s important. On dit souvent, c&rsquo;est un peu un lieu commun, que la France est un pays centralis\u00e9, jacobin. L&rsquo;exp\u00e9rience que j&rsquo;ai, pas uniquement toulonnaise mais de toute ma vie administrative, c&rsquo;est qu&rsquo;un maire peut faire ou d\u00e9faire beaucoup de choses dans une ville. \u00c9norm\u00e9ment. Le r\u00f4le des municipalit\u00e9s est plus important qu&rsquo;on ne veut bien le dire ou l&rsquo;\u00e9crire en France.<\/p>\n<p class=\"font-claude-response-body break-words whitespace-normal leading-&#091;1.7&#093;\">Pour reprendre le cas de Toulon : le fait que les municipalit\u00e9s des ann\u00e9es soixante et soixante-dix aient laiss\u00e9 partir l&rsquo;universit\u00e9, les grandes surfaces commerciales, les zones industrielles \u00e0 la p\u00e9riph\u00e9rie de Toulon, en perdant au passage la taxe professionnelle, a \u00e9t\u00e9 une erreur fondamentale. \u00c7a a paup\u00e9ris\u00e9 la ville. Et ce n&rsquo;est pas une d\u00e9cision impos\u00e9e par l&rsquo;\u00c9tat. C&rsquo;est le r\u00f4le du maire qui n&rsquo;a pas su retenir ces \u00e9l\u00e9ments.<\/p>\n<p class=\"font-claude-response-body break-words whitespace-normal leading-&#091;1.7&#093;\">On parle beaucoup du pouvoir pr\u00e9sidentiel trop fort en France. Mais il y a un pr\u00e9sidentialisme municipal qui est tr\u00e8s fort, plus qu&rsquo;on ne veut bien le dire. Malheureusement, parfois les \u00e9lus s&rsquo;abritent derri\u00e8re l&rsquo;\u00c9tat, mais un maire peut avoir un r\u00f4le capital dans le quotidien et dans l&rsquo;avenir d&rsquo;une ville.<\/p>\n<p class=\"font-claude-response-body break-words whitespace-normal leading-&#091;1.7&#093;\"><strong>MILIEUX DU MONDE<\/strong> \u2014 Merci beaucoup Marc Bayle pour cet entretien. Au plaisir de vous retrouver bient\u00f4t.<\/p>\n<p class=\"font-claude-response-body break-words whitespace-normal leading-&#091;1.7&#093;\"><strong>Marc Bayle<\/strong> \u2014 Merci \u00e0 vous, pour tout.<\/p>\n\t\t<\/div>\n\t\t\t\t\t<\/div>\n\n\t\n<\/div>\n<div class=\"row\"  id=\"row-322219820\">\n\n\t<div id=\"col-408406108\" class=\"col small-12 large-12\"  >\n\t\t\t\t<div class=\"col-inner\"  >\n\t\t\t\n\t\t\t\n<div class=\"row\"  id=\"row-1972651783\">\n\n\t<div id=\"col-1854141222\" class=\"col small-12 large-12\"  >\n\t\t\t\t<div class=\"col-inner\"  >\n\t\t\t\n\t\t\t\n<div class=\"message-box relative dark\" style=\"padding-top:67px;padding-bottom:67px;\"><div class=\"message-box-bg-image bg-fill fill\" style=\"background-image:url(https:\/\/milieuxdumonde.com\/wp-content\/uploads\/2022\/05\/toulon-cover-2-1378x800.jpg);\"><\/div><div class=\"message-box-bg-overlay bg-fill fill\" ><\/div><div class=\"container relative\"><div class=\"inner last-reset\">\n<div class=\"row align-middle align-center\"  id=\"row-637179980\">\n\n\t<div id=\"col-1402553801\" class=\"col medium-9 small-12 large-9\"  >\n\t\t\t\t<div class=\"col-inner\"  >\n\t\t\t\n\t\t\t\n<p>Commandez les ouvrages de Marc Bayle et partez \u00e0 la d\u00e9couverte de la ville singuli\u00e8re de Toulon, en compagnie de Vauban, Schopenhauer, Victor Hugo, Stendhal, Michelet, Loti, Morand, Django Reinhardt, Bernanos, Gilbert B\u00e9caud, et bien d\u2019autres !<\/p>\n\t\t<\/div>\n\t\t\t\t\t<\/div>\n\n\t\n\n\t<div id=\"col-2134757090\" class=\"col medium-2 small-12 large-2\"  >\n\t\t\t\t<div class=\"col-inner text-center\"  >\n\t\t\t\n\t\t\t\n<a href=\"https:\/\/milieuxdumonde.com\/es\/categoria-producto\/livres\/\" class=\"button primary is-bevel is-large hp-cta\"  style=\"border-radius:99px;\">\n\t\t<span>Commander<\/span>\n\t<\/a>\n\n\t\t<\/div>\n\t\t\t\t\t<\/div>\n\n\t\n<\/div>\n<\/div><\/div><\/div>\n\t\t<\/div>\n\t\t\t\t\t<\/div>\n\n\t\n<\/div>\n\t\t<\/div>\n\t\t\t\t\t<\/div>\n\n\t\n<\/div>","protected":false},"excerpt":{"rendered":"<p>Entretien avec Marc Bayle &#8211; \u00c9pisode 4: L\u2019avenir de Toulon.<\/p>","protected":false},"author":3,"featured_media":978,"parent":0,"menu_order":0,"comment_status":"closed","ping_status":"closed","template":"","meta":{"footnotes":""},"class_list":["post-2849","page","type-page","status-publish","has-post-thumbnail","hentry"],"yoast_head":"<!-- This site is optimized with the Yoast SEO plugin v27.4 - https:\/\/yoast.com\/product\/yoast-seo-wordpress\/ -->\n<title>Entretien avec Marc Bayle - \u00c9pisode 4: L\u2019avenir de Toulon. - MILIEUX DU MONDE<\/title>\n<meta name=\"robots\" content=\"index, follow, max-snippet:-1, max-image-preview:large, max-video-preview:-1\" \/>\n<link rel=\"canonical\" href=\"https:\/\/milieuxdumonde.com\/es\/entretien-avec-marc-bayle-episode-4-lavenir-de-toulon\/\" \/>\n<meta property=\"og:locale\" content=\"es_ES\" \/>\n<meta property=\"og:type\" content=\"article\" \/>\n<meta property=\"og:title\" content=\"Entretien avec Marc Bayle - \u00c9pisode 4: L\u2019avenir de Toulon. - MILIEUX DU MONDE\" \/>\n<meta property=\"og:description\" content=\"Entretien avec Marc Bayle &#8211; \u00c9pisode 4: L\u2019avenir de Toulon.\" \/>\n<meta property=\"og:url\" content=\"https:\/\/milieuxdumonde.com\/es\/entretien-avec-marc-bayle-episode-4-lavenir-de-toulon\/\" \/>\n<meta property=\"og:site_name\" content=\"MILIEUX DU MONDE\" \/>\n<meta property=\"article:modified_time\" content=\"2026-04-30T12:24:18+00:00\" \/>\n<meta property=\"og:image\" content=\"https:\/\/milieuxdumonde.com\/wp-content\/uploads\/2022\/05\/Arsenal_toulon-scaled.jpeg\" \/>\n\t<meta property=\"og:image:width\" content=\"2560\" \/>\n\t<meta property=\"og:image:height\" content=\"1920\" \/>\n\t<meta property=\"og:image:type\" content=\"image\/jpeg\" \/>\n<meta name=\"twitter:card\" content=\"summary_large_image\" \/>\n<meta name=\"twitter:label1\" content=\"Tiempo de lectura\" \/>\n\t<meta name=\"twitter:data1\" content=\"7 minutos\" \/>\n<script type=\"application\/ld+json\" class=\"yoast-schema-graph\">{\"@context\":\"https:\\\/\\\/schema.org\",\"@graph\":[{\"@type\":\"WebPage\",\"@id\":\"https:\\\/\\\/milieuxdumonde.com\\\/entretien-avec-marc-bayle-episode-4-lavenir-de-toulon\\\/\",\"url\":\"https:\\\/\\\/milieuxdumonde.com\\\/entretien-avec-marc-bayle-episode-4-lavenir-de-toulon\\\/\",\"name\":\"Entretien avec Marc Bayle - \u00c9pisode 4: L\u2019avenir de Toulon. - MILIEUX DU MONDE\",\"isPartOf\":{\"@id\":\"https:\\\/\\\/milieuxdumonde.com\\\/#website\"},\"primaryImageOfPage\":{\"@id\":\"https:\\\/\\\/milieuxdumonde.com\\\/entretien-avec-marc-bayle-episode-4-lavenir-de-toulon\\\/#primaryimage\"},\"image\":{\"@id\":\"https:\\\/\\\/milieuxdumonde.com\\\/entretien-avec-marc-bayle-episode-4-lavenir-de-toulon\\\/#primaryimage\"},\"thumbnailUrl\":\"https:\\\/\\\/milieuxdumonde.com\\\/wp-content\\\/uploads\\\/2022\\\/05\\\/Arsenal_toulon-scaled.jpeg\",\"datePublished\":\"2026-04-29T13:01:41+00:00\",\"dateModified\":\"2026-04-30T12:24:18+00:00\",\"breadcrumb\":{\"@id\":\"https:\\\/\\\/milieuxdumonde.com\\\/entretien-avec-marc-bayle-episode-4-lavenir-de-toulon\\\/#breadcrumb\"},\"inLanguage\":\"es\",\"potentialAction\":[{\"@type\":\"ReadAction\",\"target\":[\"https:\\\/\\\/milieuxdumonde.com\\\/entretien-avec-marc-bayle-episode-4-lavenir-de-toulon\\\/\"]}]},{\"@type\":\"ImageObject\",\"inLanguage\":\"es\",\"@id\":\"https:\\\/\\\/milieuxdumonde.com\\\/entretien-avec-marc-bayle-episode-4-lavenir-de-toulon\\\/#primaryimage\",\"url\":\"https:\\\/\\\/milieuxdumonde.com\\\/wp-content\\\/uploads\\\/2022\\\/05\\\/Arsenal_toulon-scaled.jpeg\",\"contentUrl\":\"https:\\\/\\\/milieuxdumonde.com\\\/wp-content\\\/uploads\\\/2022\\\/05\\\/Arsenal_toulon-scaled.jpeg\",\"width\":2560,\"height\":1920},{\"@type\":\"BreadcrumbList\",\"@id\":\"https:\\\/\\\/milieuxdumonde.com\\\/entretien-avec-marc-bayle-episode-4-lavenir-de-toulon\\\/#breadcrumb\",\"itemListElement\":[{\"@type\":\"ListItem\",\"position\":1,\"name\":\"Accueil\",\"item\":\"https:\\\/\\\/milieuxdumonde.com\\\/\"},{\"@type\":\"ListItem\",\"position\":2,\"name\":\"Entretien avec Marc Bayle &#8211; \u00c9pisode 4: L\u2019avenir de Toulon.\"}]},{\"@type\":\"WebSite\",\"@id\":\"https:\\\/\\\/milieuxdumonde.com\\\/#website\",\"url\":\"https:\\\/\\\/milieuxdumonde.com\\\/\",\"name\":\"MILIEUX DU MONDE\",\"description\":\"Maison d\u2019\u00e9dition sp\u00e9cialis\u00e9e sur l\u2019Asie et les espaces maritimes\",\"publisher\":{\"@id\":\"https:\\\/\\\/milieuxdumonde.com\\\/#organization\"},\"potentialAction\":[{\"@type\":\"SearchAction\",\"target\":{\"@type\":\"EntryPoint\",\"urlTemplate\":\"https:\\\/\\\/milieuxdumonde.com\\\/?s={search_term_string}\"},\"query-input\":{\"@type\":\"PropertyValueSpecification\",\"valueRequired\":true,\"valueName\":\"search_term_string\"}}],\"inLanguage\":\"es\"},{\"@type\":\"Organization\",\"@id\":\"https:\\\/\\\/milieuxdumonde.com\\\/#organization\",\"name\":\"MILIEUX DU MONDE\",\"url\":\"https:\\\/\\\/milieuxdumonde.com\\\/\",\"logo\":{\"@type\":\"ImageObject\",\"inLanguage\":\"es\",\"@id\":\"https:\\\/\\\/milieuxdumonde.com\\\/#\\\/schema\\\/logo\\\/image\\\/\",\"url\":\"https:\\\/\\\/milieuxdumonde.com\\\/wp-content\\\/uploads\\\/2025\\\/11\\\/MM-Editions-recadre-linkedin.jpg\",\"contentUrl\":\"https:\\\/\\\/milieuxdumonde.com\\\/wp-content\\\/uploads\\\/2025\\\/11\\\/MM-Editions-recadre-linkedin.jpg\",\"width\":1664,\"height\":1664,\"caption\":\"MILIEUX DU MONDE\"},\"image\":{\"@id\":\"https:\\\/\\\/milieuxdumonde.com\\\/#\\\/schema\\\/logo\\\/image\\\/\"}}]}<\/script>\n<!-- \/ Yoast SEO plugin. -->","yoast_head_json":{"title":"Entretien avec Marc Bayle - \u00c9pisode 4: L\u2019avenir de Toulon. - MILIEUX DU MONDE","robots":{"index":"index","follow":"follow","max-snippet":"max-snippet:-1","max-image-preview":"max-image-preview:large","max-video-preview":"max-video-preview:-1"},"canonical":"https:\/\/milieuxdumonde.com\/es\/entretien-avec-marc-bayle-episode-4-lavenir-de-toulon\/","og_locale":"es_ES","og_type":"article","og_title":"Entretien avec Marc Bayle - \u00c9pisode 4: L\u2019avenir de Toulon. - MILIEUX DU MONDE","og_description":"Entretien avec Marc Bayle &#8211; \u00c9pisode 4: L\u2019avenir de Toulon.","og_url":"https:\/\/milieuxdumonde.com\/es\/entretien-avec-marc-bayle-episode-4-lavenir-de-toulon\/","og_site_name":"MILIEUX DU MONDE","article_modified_time":"2026-04-30T12:24:18+00:00","og_image":[{"width":2560,"height":1920,"url":"https:\/\/milieuxdumonde.com\/wp-content\/uploads\/2022\/05\/Arsenal_toulon-scaled.jpeg","type":"image\/jpeg"}],"twitter_card":"summary_large_image","twitter_misc":{"Tiempo de lectura":"7 minutos"},"schema":{"@context":"https:\/\/schema.org","@graph":[{"@type":"WebPage","@id":"https:\/\/milieuxdumonde.com\/entretien-avec-marc-bayle-episode-4-lavenir-de-toulon\/","url":"https:\/\/milieuxdumonde.com\/entretien-avec-marc-bayle-episode-4-lavenir-de-toulon\/","name":"Entretien avec Marc Bayle - \u00c9pisode 4: L\u2019avenir de Toulon. - MILIEUX DU MONDE","isPartOf":{"@id":"https:\/\/milieuxdumonde.com\/#website"},"primaryImageOfPage":{"@id":"https:\/\/milieuxdumonde.com\/entretien-avec-marc-bayle-episode-4-lavenir-de-toulon\/#primaryimage"},"image":{"@id":"https:\/\/milieuxdumonde.com\/entretien-avec-marc-bayle-episode-4-lavenir-de-toulon\/#primaryimage"},"thumbnailUrl":"https:\/\/milieuxdumonde.com\/wp-content\/uploads\/2022\/05\/Arsenal_toulon-scaled.jpeg","datePublished":"2026-04-29T13:01:41+00:00","dateModified":"2026-04-30T12:24:18+00:00","breadcrumb":{"@id":"https:\/\/milieuxdumonde.com\/entretien-avec-marc-bayle-episode-4-lavenir-de-toulon\/#breadcrumb"},"inLanguage":"es","potentialAction":[{"@type":"ReadAction","target":["https:\/\/milieuxdumonde.com\/entretien-avec-marc-bayle-episode-4-lavenir-de-toulon\/"]}]},{"@type":"ImageObject","inLanguage":"es","@id":"https:\/\/milieuxdumonde.com\/entretien-avec-marc-bayle-episode-4-lavenir-de-toulon\/#primaryimage","url":"https:\/\/milieuxdumonde.com\/wp-content\/uploads\/2022\/05\/Arsenal_toulon-scaled.jpeg","contentUrl":"https:\/\/milieuxdumonde.com\/wp-content\/uploads\/2022\/05\/Arsenal_toulon-scaled.jpeg","width":2560,"height":1920},{"@type":"BreadcrumbList","@id":"https:\/\/milieuxdumonde.com\/entretien-avec-marc-bayle-episode-4-lavenir-de-toulon\/#breadcrumb","itemListElement":[{"@type":"ListItem","position":1,"name":"Accueil","item":"https:\/\/milieuxdumonde.com\/"},{"@type":"ListItem","position":2,"name":"Entretien avec Marc Bayle &#8211; \u00c9pisode 4: L\u2019avenir de Toulon."}]},{"@type":"WebSite","@id":"https:\/\/milieuxdumonde.com\/#website","url":"https:\/\/milieuxdumonde.com\/","name":"MILIEUX DU MONDE","description":"Maison d\u2019\u00e9dition sp\u00e9cialis\u00e9e sur l\u2019Asie et les espaces maritimes","publisher":{"@id":"https:\/\/milieuxdumonde.com\/#organization"},"potentialAction":[{"@type":"SearchAction","target":{"@type":"EntryPoint","urlTemplate":"https:\/\/milieuxdumonde.com\/?s={search_term_string}"},"query-input":{"@type":"PropertyValueSpecification","valueRequired":true,"valueName":"search_term_string"}}],"inLanguage":"es"},{"@type":"Organization","@id":"https:\/\/milieuxdumonde.com\/#organization","name":"MILIEUX DU MONDE","url":"https:\/\/milieuxdumonde.com\/","logo":{"@type":"ImageObject","inLanguage":"es","@id":"https:\/\/milieuxdumonde.com\/#\/schema\/logo\/image\/","url":"https:\/\/milieuxdumonde.com\/wp-content\/uploads\/2025\/11\/MM-Editions-recadre-linkedin.jpg","contentUrl":"https:\/\/milieuxdumonde.com\/wp-content\/uploads\/2025\/11\/MM-Editions-recadre-linkedin.jpg","width":1664,"height":1664,"caption":"MILIEUX DU MONDE"},"image":{"@id":"https:\/\/milieuxdumonde.com\/#\/schema\/logo\/image\/"}}]}},"_links":{"self":[{"href":"https:\/\/milieuxdumonde.com\/es\/wp-json\/wp\/v2\/pages\/2849","targetHints":{"allow":["GET"]}}],"collection":[{"href":"https:\/\/milieuxdumonde.com\/es\/wp-json\/wp\/v2\/pages"}],"about":[{"href":"https:\/\/milieuxdumonde.com\/es\/wp-json\/wp\/v2\/types\/page"}],"author":[{"embeddable":true,"href":"https:\/\/milieuxdumonde.com\/es\/wp-json\/wp\/v2\/users\/3"}],"replies":[{"embeddable":true,"href":"https:\/\/milieuxdumonde.com\/es\/wp-json\/wp\/v2\/comments?post=2849"}],"version-history":[{"count":3,"href":"https:\/\/milieuxdumonde.com\/es\/wp-json\/wp\/v2\/pages\/2849\/revisions"}],"predecessor-version":[{"id":2880,"href":"https:\/\/milieuxdumonde.com\/es\/wp-json\/wp\/v2\/pages\/2849\/revisions\/2880"}],"wp:featuredmedia":[{"embeddable":true,"href":"https:\/\/milieuxdumonde.com\/es\/wp-json\/wp\/v2\/media\/978"}],"wp:attachment":[{"href":"https:\/\/milieuxdumonde.com\/es\/wp-json\/wp\/v2\/media?parent=2849"}],"curies":[{"name":"wp","href":"https:\/\/api.w.org\/{rel}","templated":true}]}}