{"id":2844,"date":"2026-04-29T14:45:23","date_gmt":"2026-04-29T12:45:23","guid":{"rendered":"https:\/\/milieuxdumonde.com\/?page_id=2844"},"modified":"2026-04-30T14:21:28","modified_gmt":"2026-04-30T12:21:28","slug":"entretien-avec-marc-bayle-episode-3-toulon-paradoxes-et-fractures-actuelles","status":"publish","type":"page","link":"https:\/\/milieuxdumonde.com\/es\/entretien-avec-marc-bayle-episode-3-toulon-paradoxes-et-fractures-actuelles\/","title":{"rendered":"Entretien avec Marc Bayle &#8211; \u00c9pisode 3: Toulon, paradoxes et fractures actuelles."},"content":{"rendered":"<h1>Entretien avec Marc Bayle &#8211; \u00c9pisode 3: Toulon, paradoxes et fractures actuelles.<\/h1>\n<div class=\"row\"  id=\"row-112759645\">\n\n\t<div id=\"col-1693683972\" class=\"col medium-9 small-12 large-9\"  >\n\t\t\t\t<div class=\"col-inner\"  >\n\t\t\t\n\t\t\t\n<h3>Marc Bayle revient sur ses liens avec Toulon et les singularit\u00e9s de la ville.<\/h3>\n<p class=\"font-claude-response-body break-words whitespace-normal leading-&#091;1.7&#093;\">Dans <strong>ce troisi\u00e8me \u00e9pisode<\/strong>, Marc Bayle d\u00e9crypte <strong>la sociologie et les fractures de Toulon<\/strong>. Il d\u00e9crit une ville cloisonn\u00e9e <strong>entre le monde de la marine<\/strong>, riche en ing\u00e9nieurs mais longtemps ferm\u00e9 sur lui-m\u00eame, et le reste de la population, <strong>ouvri\u00e8re et administrative<\/strong>, marqu\u00e9e par la monoculture de l&rsquo;Arsenal.<\/p>\n<p class=\"font-claude-response-body break-words whitespace-normal leading-&#091;1.7&#093;\">Il retrace le <strong>basculement politique de la ville<\/strong>, pass\u00e9e de gauche au XIXe si\u00e8cle \u00e0 ville d&rsquo;ordre apr\u00e8s-guerre, jusqu&rsquo;\u00e0 la prise du Front national en 1995 et la mont\u00e9e actuelle du RN. Il revient aussi sur <strong>le poids des affaires judiciaires<\/strong>, d&rsquo;Arreckx \u00e0 Falco, et termine sur <strong>le potentiel touristique de Toulon<\/strong> : une ville qui n&rsquo;a jamais pens\u00e9 son esth\u00e9tique, mais dont la rade et la vieille ville m\u00e9ritent le d\u00e9tour.<\/p>\n\t\t<\/div>\n\t\t\t\t\t<\/div>\n\n\t\n\n\t<div id=\"col-470245050\" class=\"col medium-3 small-12 large-3\"  >\n\t\t\t\t<div class=\"col-inner text-center\"  >\n\t\t\t\n\t\t\t\n\t<div class=\"box has-hover   has-hover box-text-bottom\" >\n\n\t\t<div class=\"box-image\" style=\"width:57%;\">\n\t\t\t\t\t\t<div class=\"\" >\n\t\t\t\t<img loading=\"lazy\" decoding=\"async\" width=\"612\" height=\"920\" src=\"https:\/\/milieuxdumonde.com\/wp-content\/uploads\/2022\/05\/Marc-Rene-Bayle.jpeg\" class=\"attachment- size-\" alt=\"\" srcset=\"https:\/\/milieuxdumonde.com\/wp-content\/uploads\/2022\/05\/Marc-Rene-Bayle.jpeg 612w, https:\/\/milieuxdumonde.com\/wp-content\/uploads\/2022\/05\/Marc-Rene-Bayle-266x400.jpeg 266w, https:\/\/milieuxdumonde.com\/wp-content\/uploads\/2022\/05\/Marc-Rene-Bayle-532x800.jpeg 532w, https:\/\/milieuxdumonde.com\/wp-content\/uploads\/2022\/05\/Marc-Rene-Bayle-8x12.jpeg 8w, https:\/\/milieuxdumonde.com\/wp-content\/uploads\/2022\/05\/Marc-Rene-Bayle-300x451.jpeg 300w, https:\/\/milieuxdumonde.com\/wp-content\/uploads\/2022\/05\/Marc-Rene-Bayle-600x902.jpeg 600w\" sizes=\"auto, (max-width: 612px) 100vw, 612px\" \/>\t\t\t\t\t\t\t\t\t\t\t<\/div>\n\t\t\t\t\t<\/div>\n\n\t\t<div class=\"box-text text-center\" >\n\t\t\t<div class=\"box-text-inner\">\n\t\t\t\t\n\t<div id=\"text-2430290943\" class=\"text\">\n\t\t\n<h4>Marc Bayle<\/h4>\n<p>Pr\u00e9fet honoraire, ancien commissaire de la Marine<br \/>\n\t\t\n<style>\n#text-2430290943 {\n  font-size: 0.75rem;\n  line-height: 1.1;\n}\n<\/style>\n\t<\/div>\n\t\n\t\t\t<\/div>\n\t\t<\/div>\n\t<\/div>\n\t\n\t\t<\/div>\n\t\t\t\t\t<\/div>\n\n\t\n\n<style>\n#row-112759645 > .col > .col-inner {\n  padding: 15px 0px 0px 0px;\n}\n<\/style>\n<\/div>\n<div class=\"row\"  id=\"row-1719664224\">\n\n\t<div id=\"col-1596137680\" class=\"col small-12 large-12\"  >\n\t\t\t\t<div class=\"col-inner\"  >\n\t\t\t\n\t\t\t\n<div class=\"video video-fit mb\" style=\"padding-top:56.25%;\"><p><iframe loading=\"lazy\" title=\"Marc Bayle - \u00c9pisode 3: Toulon, paradoxes et fractures actuelles.\" width=\"1020\" height=\"574\" src=\"https:\/\/www.youtube.com\/embed\/rRWsh3dNs68?feature=oembed\" frameborder=\"0\" allow=\"accelerometer; autoplay; clipboard-write; encrypted-media; gyroscope; picture-in-picture; web-share\" referrerpolicy=\"strict-origin-when-cross-origin\" allowfullscreen><\/iframe><\/p>\n<\/div>\n<p class=\"font-claude-response-body break-words whitespace-normal leading-&#091;1.7&#093;\"><strong>MILIEUX DU MONDE<\/strong> \u2014 Vos ouvrages r\u00e9v\u00e8lent une ville fascinante, complexe et multiple, dont vous soulignez le balancement historique entre lumi\u00e8re et ombre, entre douceur de vivre et chaudron politique. Pour qu&rsquo;il puisse peut-\u00eatre aimer Toulon comme vous l&rsquo;aimez, vous invitez le lecteur \u00e0 en comprendre les ambivalences, les qualit\u00e9s et les d\u00e9fauts. Derri\u00e8re cette richesse de contrastes que vous d\u00e9crivez, quels sont aujourd&rsquo;hui les paradoxes les plus saillants et les fractures les plus pr\u00e9occupantes qui traversent Toulon ?<\/p>\n<p class=\"font-claude-response-body break-words whitespace-normal leading-&#091;1.7&#093;\"><strong>Marc Bayle<\/strong> \u2014 Je ne sais pas si c&rsquo;est un d\u00e9faut ou une fracture, mais s&rsquo;il fallait caract\u00e9riser grossi\u00e8rement la sociologie toulonnaise, je dirais qu&rsquo;il y a des mondes tr\u00e8s s\u00e9par\u00e9s. C&rsquo;est assez cloisonn\u00e9. \u00c7a commence un peu \u00e0 s&rsquo;ouvrir, mais ce n&rsquo;est pas encore fait compl\u00e8tement.<\/p>\n<p class=\"font-claude-response-body break-words whitespace-normal leading-&#091;1.7&#093;\">D&rsquo;un c\u00f4t\u00e9, vous avez la marine, un milieu qui reste quand m\u00eame assez ferm\u00e9, m\u00eame si \u00e7a commence \u00e0 s&rsquo;am\u00e9liorer. C&rsquo;est une ville, contrairement \u00e0 ce qu&rsquo;on croit, de mati\u00e8re grise. La marine et Naval Group en font une ville d&rsquo;ing\u00e9nieurs. En 1999, on comptait sept cents ing\u00e9nieurs de haut niveau en activit\u00e9 \u00e0 Toulon. Tout ce qui tourne autour de l&rsquo;armement, de la construction navale, de la r\u00e9paration navale. Mais un monde qui vit un peu en vase clos.<\/p>\n<p class=\"font-claude-response-body break-words whitespace-normal leading-&#091;1.7&#093;\">Et puis il y a tout le reste de la population. Une ville administrative, une ville ouvri\u00e8re, une ville qui ne communique pas beaucoup. Ce n&rsquo;est pas une ville de temp\u00e9rament \u00e9conomique comme Marseille, qui est une ville d&rsquo;entrepreneurs, avec le port et beaucoup d&rsquo;activit\u00e9s priv\u00e9es. Toulon est plut\u00f4t administrative. Pendant longtemps, la pr\u00e9pond\u00e9rance du secteur public \u00e9tait \u00e9norme. C&rsquo;\u00e9tait une ville de monoculture : l&rsquo;Arsenal. L&rsquo;Arsenal faisait vivre Toulon, avec vingt \u00e0 trente mille ouvriers et techniciens, sans compter ceux de la marine. Aujourd&rsquo;hui, l&rsquo;Arsenal a \u00e9t\u00e9 r\u00e9duit. Naval Group l&rsquo;a remplac\u00e9, c&rsquo;est diff\u00e9rent. L&rsquo;Arsenal, c&rsquo;\u00e9tait une entreprise de main-d&rsquo;\u0153uvre \u00e9norme, autosuffisante. Naval Group, c&rsquo;est davantage une soci\u00e9t\u00e9 de haute valeur ajout\u00e9e, de mati\u00e8re grise, qui ne construit plus elle-m\u00eame mais qui con\u00e7oit et sous-traite la construction.<\/p>\n<p class=\"font-claude-response-body break-words whitespace-normal leading-&#091;1.7&#093;\">La vie a chang\u00e9. Je pense qu&rsquo;il y a davantage de relations entre les groupes sociaux qu&rsquo;avant, mais ce cloisonnement social reste un handicap. Et puis c&rsquo;est une ville qui a \u00e9t\u00e9 un peu \u00e9touff\u00e9e et complex\u00e9e par rapport aux deux grands p\u00f4les que sont Marseille et Nice.<\/p>\n<p class=\"font-claude-response-body break-words whitespace-normal leading-&#091;1.7&#093;\">Il y a aussi le secteur de l&rsquo;immobilier et du b\u00e2timent, qui a \u00e9t\u00e9 tr\u00e8s prosp\u00e8re, comme souvent sur la C\u00f4te d&rsquo;Azur. Peut-\u00eatre un peu moins maintenant, parce que la ville a une structure g\u00e9ographique assez contrainte, enserr\u00e9e entre la montagne et la mer. D&rsquo;ailleurs, les r\u00e9volutionnaires qui avaient voulu ch\u00e2tier Toulon de son ralliement aux Anglais, \u00e7a fait partie de l&rsquo;infamie que j&rsquo;\u00e9voquais, avaient d\u00e9baptis\u00e9 la ville : elle s&rsquo;appelait Port-la-Montagne. Et c&rsquo;est tout \u00e0 fait parlant. Le foncier est tr\u00e8s faible, la ville ne peut s&rsquo;\u00e9tirer que vers l&rsquo;est ou l&rsquo;ouest.<\/p>\n<p class=\"font-claude-response-body break-words whitespace-normal leading-&#091;1.7&#093;\">Il faut aussi parler des retrait\u00e9s, tr\u00e8s nombreux. Des retrait\u00e9s de la marine, de l&rsquo;Arsenal, qui constituent une population importante. Et puis il y a eu l&rsquo;apport des rapatri\u00e9s d&rsquo;Alg\u00e9rie. En 1962, pr\u00e8s de vingt mille rapatri\u00e9s se sont install\u00e9s \u00e0 Toulon, volontairement. Vingt mille sur une population de cent soixante-dix mille, \u00e7a fait plus de dix pour cent. Ils se sont bien int\u00e9gr\u00e9s finalement.<\/p>\n<p class=\"font-claude-response-body break-words whitespace-normal leading-&#091;1.7&#093;\"><strong>MILIEUX DU MONDE<\/strong> \u2014 Comment caract\u00e9riseriez-vous Toulon sur le plan politique ?<\/p>\n<p class=\"font-claude-response-body break-words whitespace-normal leading-&#091;1.7&#093;\"><strong>Marc Bayle<\/strong> \u2014 C&rsquo;est une ville plut\u00f4t conservatrice, une ville d&rsquo;ordre, du fait de sa population militaire tr\u00e8s ancr\u00e9e et de sa composante rapatri\u00e9e qui compte \u00e9norm\u00e9ment. Mais \u00e7a a chang\u00e9, et c&rsquo;est pour \u00e7a qu&rsquo;il faut revenir \u00e0 l&rsquo;histoire. Au XIXe si\u00e8cle, Toulon \u00e9tait une ville qu&rsquo;on pourrait facilement caract\u00e9riser de progressiste, de gauche, \u00e0 cause de l&rsquo;Arsenal justement. Il y avait un milieu favorable aux th\u00e8ses socialistes. D&rsquo;ailleurs, en 1897-1898, Toulon \u00e9lit un maire socialiste, Paul Berthereau. Et quand je dis socialiste, c&rsquo;\u00e9tait plus l&rsquo;extr\u00eame gauche que le Parti socialiste d&rsquo;aujourd&rsquo;hui. C&rsquo;est une ville qui \u00e9tait \u00e0 gauche jusqu&rsquo;\u00e0 la guerre, parce que les militaires ne votaient pas, les femmes non plus.<\/p>\n<p class=\"font-claude-response-body break-words whitespace-normal leading-&#091;1.7&#093;\">Apr\u00e8s la Seconde Guerre mondiale, les militaires votant, c&rsquo;est devenu davantage une ville d&rsquo;ordre, une ville \u00e0 droite, et elle l&rsquo;est encore.<\/p>\n<p class=\"font-claude-response-body break-words whitespace-normal leading-&#091;1.7&#093;\">Et puis il y a eu l&rsquo;\u00e9pisode Front national, en 1995-2001. Moi, j&rsquo;\u00e9tais un acteur, un opposant assez fort. Le Front national a disparu puis rena\u00eet en ce moment au travers du Rassemblement national, avec la candidature de Laure Lavalette et la possibilit\u00e9 d&rsquo;une conqu\u00eate de la ville de Toulon par le RN. Parce qu&rsquo;il y a toujours eu une composante de droite extr\u00eame \u00e0 Toulon.<\/p>\n<p class=\"font-claude-response-body break-words whitespace-normal leading-&#091;1.7&#093;\">Je donne un exemple concret. \u00c0 l&rsquo;\u00e9lection pr\u00e9sidentielle de d\u00e9cembre 1965, Tixier-Vignancour, le candidat d&rsquo;extr\u00eame droite, fait cinq pour cent au niveau national. \u00c0 Toulon, il fait le triple : quinze pour cent. Il y a un noyau dur favorable au RN que j&rsquo;\u00e9value, au travers des diff\u00e9rents scrutins, entre vingt et vingt-cinq pour cent. Ce qui est important et qui peut permettre une \u00e9ventuelle conqu\u00eate par le RN.<\/p>\n<p class=\"font-claude-response-body break-words whitespace-normal leading-&#091;1.7&#093;\">Les politologues disent qu&rsquo;il y a deux types d&rsquo;\u00e9lectorat RN. L&rsquo;\u00e9lectorat du nord, davantage motiv\u00e9 par les questions \u00e9conomiques et sociales, la d\u00e9sindustrialisation, la paup\u00e9risation. Et l&rsquo;\u00e9lectorat du sud-est, plus identitaire, port\u00e9 par la peur de l&rsquo;immigration. Cette bipolarit\u00e9 n&rsquo;est pas forc\u00e9ment \u00e9vidente, les deux peuvent se m\u00e9langer. Mais il y a un \u00e9lectorat identitaire qui est devenu assez important.<\/p>\n<p class=\"font-claude-response-body break-words whitespace-normal leading-&#091;1.7&#093;\">Et dans le Var, c&rsquo;est frappant : sept d\u00e9put\u00e9s sur huit sont RN. Et pas forc\u00e9ment dans les endroits les plus d\u00e9favoris\u00e9s. Le d\u00e9put\u00e9 de Saint-Tropez est RN. Le d\u00e9put\u00e9 de Saint-Rapha\u00ebl \u00e9tait RN. Le d\u00e9put\u00e9 de Bandol \u00e9tait RN. Ce ne sont pas des endroits o\u00f9 l&rsquo;on trouve du lumpenprol\u00e9tariat.<\/p>\n<p class=\"font-claude-response-body break-words whitespace-normal leading-&#091;1.7&#093;\">De mani\u00e8re g\u00e9n\u00e9rale, il y a aussi une sorte de g\u00e9rontocratie des \u00e9lus dans le Var. Beaucoup de maires et de conseillers municipaux sont tr\u00e8s anciens, tr\u00e8s ancr\u00e9s dans le territoire. Et donc, il y a fatalement, biologiquement, un changement qui va s&rsquo;op\u00e9rer.<\/p>\n<p class=\"font-claude-response-body break-words whitespace-normal leading-&#091;1.7&#093;\">L&rsquo;\u00e9v\u00e9nement principal \u00e0 Toulon, c&rsquo;est le d\u00e9part d&rsquo;Hubert Falco, maire pendant vingt-cinq ans, pour des raisons judiciaires. Il n&rsquo;est pas le seul d&rsquo;ailleurs. Donc il y a un tournant. Qui prendra la suite ? La maire actuelle ? D&rsquo;autres ? Je ne sais pas encore.<\/p>\n<p class=\"font-claude-response-body break-words whitespace-normal leading-&#091;1.7&#093;\">Il y a aussi, dans les fractures, l&rsquo;incidence des affaires judiciaires. L&rsquo;affaire Arreckx dans les ann\u00e9es quatre-vingt-dix, tout le syst\u00e8me du client\u00e9lisme, la corruption mis en cause. \u00c7a a \u00e9t\u00e9 un facteur de mauvaise r\u00e9putation. Moi, je fais la part des choses : les ph\u00e9nom\u00e8nes de corruption publique ne sont pas l&rsquo;apanage du Midi. Connaissant la vie publique et administrative, on les trouve aussi bien dans le Nord, \u00e0 Paris, dans les Hauts-de-Seine ou outre-mer.<\/p>\n<p class=\"font-claude-response-body break-words whitespace-normal leading-&#091;1.7&#093;\">Mais c&rsquo;est vrai que dans le Var, avec l&rsquo;affaire Arreckx, c&rsquo;\u00e9tait un s\u00e9isme politique. Il menait la ville et le d\u00e9partement depuis toujours. On a eu une m\u00e9diatisation tr\u00e8s forte. Et l\u00e0, avec les condamnations judiciaires du maire de Toulon, du pr\u00e9sident du conseil g\u00e9n\u00e9ral, de la maire de La Seyne, c&rsquo;est encore une remise en cause du monde politique, qui peut \u00eatre favorable au RN.<\/p>\n<p class=\"font-claude-response-body break-words whitespace-normal leading-&#091;1.7&#093;\">Je fais la part des choses : les condamnations r\u00e9centes, c&rsquo;est de l&rsquo;incons\u00e9quence, parfois de l&rsquo;incomp\u00e9tence, de l&rsquo;amateurisme. Beaucoup moins grave que du temps d&rsquo;Arreckx, o\u00f9 c&rsquo;\u00e9tait vraiment de la corruption, des comptes en Suisse, des valises de billets. L\u00e0, c&rsquo;est plus des affaires de voleurs de poules.<\/p>\n<p class=\"font-claude-response-body break-words whitespace-normal leading-&#091;1.7&#093;\">Des sondages \u00e0 Toulon donnaient Madame Lavalette en position assez favorable, \u00e0 environ quarante-cinq pour cent. \u00c7a ne veut rien dire, \u00e7a d\u00e9pend de qui elle aura en face.<\/p>\n<p class=\"font-claude-response-body break-words whitespace-normal leading-&#091;1.7&#093;\"><strong>MILIEUX DU MONDE<\/strong> \u2014 Toulon pr\u00e9sente-t-elle des atouts touristiques ?<\/p>\n<p class=\"font-claude-response-body break-words whitespace-normal leading-&#091;1.7&#093;\"><strong>Marc Bayle<\/strong> \u2014 Non, ce n&rsquo;est pas une ville touristique, il faut \u00eatre tr\u00e8s clair. C&rsquo;est une ville qui n&rsquo;a jamais pens\u00e9 ni con\u00e7u de politique touristique forte. C&rsquo;est une ville militaire, de garnison, administrative.<\/p>\n<p class=\"font-claude-response-body break-words whitespace-normal leading-&#091;1.7&#093;\">Actuellement, je pense qu&rsquo;il y a un tourisme familial. Les atouts de Toulon sur le plan touristique sont de deux ordres. D&rsquo;abord, des efforts ont \u00e9t\u00e9 entrepris pour la r\u00e9novation du centre-ville, qui est un peu plus agr\u00e9able qu&rsquo;il ne l&rsquo;a \u00e9t\u00e9. C&rsquo;est tardif, mais il y a maintenant une r\u00e9novation urbaine. Ensuite, il y a la modicit\u00e9 de l&rsquo;immobilier. Pour les jeunes m\u00e9nages, s&rsquo;installer \u00e0 Toulon, c&rsquo;est tout \u00e0 fait abordable par rapport aux villes environnantes du Var.<\/p>\n<p class=\"font-claude-response-body break-words whitespace-normal leading-&#091;1.7&#093;\">Il y a aussi un facteur d&rsquo;entrave pour l&rsquo;attractivit\u00e9 touristique : c&rsquo;est une ville qui n&rsquo;a pas pens\u00e9 son esth\u00e9tique. La moiti\u00e9 du littoral \u00e9tait ferm\u00e9e par de longs murs. La reconstruction apr\u00e8s la guerre n&rsquo;a pas \u00e9t\u00e9 une r\u00e9ussite. C&rsquo;est une ville qui est rest\u00e9e tr\u00e8s min\u00e9rale, qui n&rsquo;a pas \u00e9t\u00e9 pens\u00e9e pour le tourisme.<\/p>\n<p class=\"font-claude-response-body break-words whitespace-normal leading-&#091;1.7&#093;\">Et pourtant, elle a son cachet, mais il faut le d\u00e9couvrir. Quand on traverse Toulon en voiture, ce n&rsquo;est pas tr\u00e8s beau. On voit les longs murs de l&rsquo;Arsenal, une autoroute qui traverse la ville. Mais pour ceux qui se prom\u00e8nent \u00e0 pied, la vieille ville, le centre-ville est tr\u00e8s agr\u00e9able. C&rsquo;est une ville presque m\u00e9di\u00e9vale par endroits. Et comme Marseille, elle est compos\u00e9e d&rsquo;une cinquantaine de quartiers qui sont autant de petits villages avec un certain charme.<\/p>\n<p class=\"font-claude-response-body break-words whitespace-normal leading-&#091;1.7&#093;\">On sent qu&rsquo;il n&rsquo;y a pas eu de volont\u00e9 touristique. Pas de grands h\u00f4tels. Mais ses atouts sont g\u00e9ographiques. La rade, qui est magnifique. Pour appr\u00e9cier Toulon, il faut soit aller \u00e0 pied dans la vieille ville, soit monter au Faron et voir la rade. C&rsquo;est un spectacle extraordinaire. Sans dire que c&rsquo;est la plus belle rade du monde, comme le disent les Toulonnais un peu chauvins, c&rsquo;est une rade qui est vraiment extraordinaire.<\/p>\n\t\t<\/div>\n\t\t\t\t\t<\/div>\n\n\t\n<\/div>\n<div class=\"row\"  id=\"row-744588232\">\n\n\t<div id=\"col-383434859\" class=\"col small-12 large-12\"  >\n\t\t\t\t<div class=\"col-inner\"  >\n\t\t\t\n\t\t\t\n<div class=\"row\"  id=\"row-1173358439\">\n\n\t<div id=\"col-1321667167\" class=\"col small-12 large-12\"  >\n\t\t\t\t<div class=\"col-inner\"  >\n\t\t\t\n\t\t\t\n<div class=\"message-box relative dark\" style=\"padding-top:67px;padding-bottom:67px;\"><div class=\"message-box-bg-image bg-fill fill\" style=\"background-image:url(https:\/\/milieuxdumonde.com\/wp-content\/uploads\/2022\/05\/toulon-cover-2-1378x800.jpg);\"><\/div><div class=\"message-box-bg-overlay bg-fill fill\" ><\/div><div class=\"container relative\"><div class=\"inner last-reset\">\n<div class=\"row align-middle align-center\"  id=\"row-1706759796\">\n\n\t<div id=\"col-609645162\" class=\"col medium-9 small-12 large-9\"  >\n\t\t\t\t<div class=\"col-inner\"  >\n\t\t\t\n\t\t\t\n<p>Commandez les ouvrages de Marc Bayle et partez \u00e0 la d\u00e9couverte de la ville singuli\u00e8re de Toulon, en compagnie de Vauban, Schopenhauer, Victor Hugo, Stendhal, Michelet, Loti, Morand, Django Reinhardt, Bernanos, Gilbert B\u00e9caud, et bien d\u2019autres !<\/p>\n\t\t<\/div>\n\t\t\t\t\t<\/div>\n\n\t\n\n\t<div id=\"col-402425305\" class=\"col medium-2 small-12 large-2\"  >\n\t\t\t\t<div class=\"col-inner text-center\"  >\n\t\t\t\n\t\t\t\n<a href=\"https:\/\/milieuxdumonde.com\/es\/categoria-producto\/livres\/\" class=\"button primary is-bevel is-large hp-cta\"  style=\"border-radius:99px;\">\n\t\t<span>Commander<\/span>\n\t<\/a>\n\n\t\t<\/div>\n\t\t\t\t\t<\/div>\n\n\t\n<\/div>\n<\/div><\/div><\/div>\n\t\t<\/div>\n\t\t\t\t\t<\/div>\n\n\t\n<\/div>\n\t\t<\/div>\n\t\t\t\t\t<\/div>\n\n\t\n<\/div>","protected":false},"excerpt":{"rendered":"<p>Entretien avec Marc Bayle &#8211; \u00c9pisode 3: Toulon, paradoxes et fractures actuelles.<\/p>","protected":false},"author":3,"featured_media":978,"parent":0,"menu_order":0,"comment_status":"closed","ping_status":"closed","template":"","meta":{"footnotes":""},"class_list":["post-2844","page","type-page","status-publish","has-post-thumbnail","hentry"],"yoast_head":"<!-- This site is optimized with the Yoast SEO plugin v27.4 - https:\/\/yoast.com\/product\/yoast-seo-wordpress\/ -->\n<title>Entretien avec Marc Bayle - \u00c9pisode 3: Toulon, paradoxes et fractures actuelles. - MILIEUX DU MONDE<\/title>\n<meta name=\"robots\" content=\"index, follow, max-snippet:-1, max-image-preview:large, max-video-preview:-1\" \/>\n<link rel=\"canonical\" href=\"https:\/\/milieuxdumonde.com\/es\/entretien-avec-marc-bayle-episode-3-toulon-paradoxes-et-fractures-actuelles\/\" \/>\n<meta property=\"og:locale\" content=\"es_ES\" \/>\n<meta property=\"og:type\" content=\"article\" \/>\n<meta property=\"og:title\" content=\"Entretien avec Marc Bayle - \u00c9pisode 3: Toulon, paradoxes et fractures actuelles. - MILIEUX DU MONDE\" \/>\n<meta property=\"og:description\" content=\"Entretien avec Marc Bayle &#8211; \u00c9pisode 3: Toulon, paradoxes et fractures actuelles.\" \/>\n<meta property=\"og:url\" content=\"https:\/\/milieuxdumonde.com\/es\/entretien-avec-marc-bayle-episode-3-toulon-paradoxes-et-fractures-actuelles\/\" \/>\n<meta property=\"og:site_name\" content=\"MILIEUX DU MONDE\" \/>\n<meta property=\"article:modified_time\" content=\"2026-04-30T12:21:28+00:00\" \/>\n<meta property=\"og:image\" content=\"https:\/\/milieuxdumonde.com\/wp-content\/uploads\/2022\/05\/Arsenal_toulon-scaled.jpeg\" \/>\n\t<meta property=\"og:image:width\" content=\"2560\" \/>\n\t<meta property=\"og:image:height\" content=\"1920\" \/>\n\t<meta property=\"og:image:type\" content=\"image\/jpeg\" \/>\n<meta name=\"twitter:card\" content=\"summary_large_image\" \/>\n<meta name=\"twitter:label1\" content=\"Tiempo de lectura\" \/>\n\t<meta name=\"twitter:data1\" content=\"10 minutos\" \/>\n<script type=\"application\/ld+json\" class=\"yoast-schema-graph\">{\"@context\":\"https:\\\/\\\/schema.org\",\"@graph\":[{\"@type\":\"WebPage\",\"@id\":\"https:\\\/\\\/milieuxdumonde.com\\\/entretien-avec-marc-bayle-episode-3-toulon-paradoxes-et-fractures-actuelles\\\/\",\"url\":\"https:\\\/\\\/milieuxdumonde.com\\\/entretien-avec-marc-bayle-episode-3-toulon-paradoxes-et-fractures-actuelles\\\/\",\"name\":\"Entretien avec Marc Bayle - \u00c9pisode 3: Toulon, paradoxes et fractures actuelles. - MILIEUX DU MONDE\",\"isPartOf\":{\"@id\":\"https:\\\/\\\/milieuxdumonde.com\\\/#website\"},\"primaryImageOfPage\":{\"@id\":\"https:\\\/\\\/milieuxdumonde.com\\\/entretien-avec-marc-bayle-episode-3-toulon-paradoxes-et-fractures-actuelles\\\/#primaryimage\"},\"image\":{\"@id\":\"https:\\\/\\\/milieuxdumonde.com\\\/entretien-avec-marc-bayle-episode-3-toulon-paradoxes-et-fractures-actuelles\\\/#primaryimage\"},\"thumbnailUrl\":\"https:\\\/\\\/milieuxdumonde.com\\\/wp-content\\\/uploads\\\/2022\\\/05\\\/Arsenal_toulon-scaled.jpeg\",\"datePublished\":\"2026-04-29T12:45:23+00:00\",\"dateModified\":\"2026-04-30T12:21:28+00:00\",\"breadcrumb\":{\"@id\":\"https:\\\/\\\/milieuxdumonde.com\\\/entretien-avec-marc-bayle-episode-3-toulon-paradoxes-et-fractures-actuelles\\\/#breadcrumb\"},\"inLanguage\":\"es\",\"potentialAction\":[{\"@type\":\"ReadAction\",\"target\":[\"https:\\\/\\\/milieuxdumonde.com\\\/entretien-avec-marc-bayle-episode-3-toulon-paradoxes-et-fractures-actuelles\\\/\"]}]},{\"@type\":\"ImageObject\",\"inLanguage\":\"es\",\"@id\":\"https:\\\/\\\/milieuxdumonde.com\\\/entretien-avec-marc-bayle-episode-3-toulon-paradoxes-et-fractures-actuelles\\\/#primaryimage\",\"url\":\"https:\\\/\\\/milieuxdumonde.com\\\/wp-content\\\/uploads\\\/2022\\\/05\\\/Arsenal_toulon-scaled.jpeg\",\"contentUrl\":\"https:\\\/\\\/milieuxdumonde.com\\\/wp-content\\\/uploads\\\/2022\\\/05\\\/Arsenal_toulon-scaled.jpeg\",\"width\":2560,\"height\":1920},{\"@type\":\"BreadcrumbList\",\"@id\":\"https:\\\/\\\/milieuxdumonde.com\\\/entretien-avec-marc-bayle-episode-3-toulon-paradoxes-et-fractures-actuelles\\\/#breadcrumb\",\"itemListElement\":[{\"@type\":\"ListItem\",\"position\":1,\"name\":\"Accueil\",\"item\":\"https:\\\/\\\/milieuxdumonde.com\\\/\"},{\"@type\":\"ListItem\",\"position\":2,\"name\":\"Entretien avec Marc Bayle &#8211; \u00c9pisode 3: Toulon, paradoxes et fractures actuelles.\"}]},{\"@type\":\"WebSite\",\"@id\":\"https:\\\/\\\/milieuxdumonde.com\\\/#website\",\"url\":\"https:\\\/\\\/milieuxdumonde.com\\\/\",\"name\":\"MILIEUX DU MONDE\",\"description\":\"Maison d\u2019\u00e9dition sp\u00e9cialis\u00e9e sur l\u2019Asie et les espaces maritimes\",\"publisher\":{\"@id\":\"https:\\\/\\\/milieuxdumonde.com\\\/#organization\"},\"potentialAction\":[{\"@type\":\"SearchAction\",\"target\":{\"@type\":\"EntryPoint\",\"urlTemplate\":\"https:\\\/\\\/milieuxdumonde.com\\\/?s={search_term_string}\"},\"query-input\":{\"@type\":\"PropertyValueSpecification\",\"valueRequired\":true,\"valueName\":\"search_term_string\"}}],\"inLanguage\":\"es\"},{\"@type\":\"Organization\",\"@id\":\"https:\\\/\\\/milieuxdumonde.com\\\/#organization\",\"name\":\"MILIEUX DU MONDE\",\"url\":\"https:\\\/\\\/milieuxdumonde.com\\\/\",\"logo\":{\"@type\":\"ImageObject\",\"inLanguage\":\"es\",\"@id\":\"https:\\\/\\\/milieuxdumonde.com\\\/#\\\/schema\\\/logo\\\/image\\\/\",\"url\":\"https:\\\/\\\/milieuxdumonde.com\\\/wp-content\\\/uploads\\\/2025\\\/11\\\/MM-Editions-recadre-linkedin.jpg\",\"contentUrl\":\"https:\\\/\\\/milieuxdumonde.com\\\/wp-content\\\/uploads\\\/2025\\\/11\\\/MM-Editions-recadre-linkedin.jpg\",\"width\":1664,\"height\":1664,\"caption\":\"MILIEUX DU MONDE\"},\"image\":{\"@id\":\"https:\\\/\\\/milieuxdumonde.com\\\/#\\\/schema\\\/logo\\\/image\\\/\"}}]}<\/script>\n<!-- \/ Yoast SEO plugin. -->","yoast_head_json":{"title":"Entretien avec Marc Bayle - \u00c9pisode 3: Toulon, paradoxes et fractures actuelles. - MILIEUX DU MONDE","robots":{"index":"index","follow":"follow","max-snippet":"max-snippet:-1","max-image-preview":"max-image-preview:large","max-video-preview":"max-video-preview:-1"},"canonical":"https:\/\/milieuxdumonde.com\/es\/entretien-avec-marc-bayle-episode-3-toulon-paradoxes-et-fractures-actuelles\/","og_locale":"es_ES","og_type":"article","og_title":"Entretien avec Marc Bayle - \u00c9pisode 3: Toulon, paradoxes et fractures actuelles. - MILIEUX DU MONDE","og_description":"Entretien avec Marc Bayle &#8211; \u00c9pisode 3: Toulon, paradoxes et fractures actuelles.","og_url":"https:\/\/milieuxdumonde.com\/es\/entretien-avec-marc-bayle-episode-3-toulon-paradoxes-et-fractures-actuelles\/","og_site_name":"MILIEUX DU MONDE","article_modified_time":"2026-04-30T12:21:28+00:00","og_image":[{"width":2560,"height":1920,"url":"https:\/\/milieuxdumonde.com\/wp-content\/uploads\/2022\/05\/Arsenal_toulon-scaled.jpeg","type":"image\/jpeg"}],"twitter_card":"summary_large_image","twitter_misc":{"Tiempo de lectura":"10 minutos"},"schema":{"@context":"https:\/\/schema.org","@graph":[{"@type":"WebPage","@id":"https:\/\/milieuxdumonde.com\/entretien-avec-marc-bayle-episode-3-toulon-paradoxes-et-fractures-actuelles\/","url":"https:\/\/milieuxdumonde.com\/entretien-avec-marc-bayle-episode-3-toulon-paradoxes-et-fractures-actuelles\/","name":"Entretien avec Marc Bayle - \u00c9pisode 3: Toulon, paradoxes et fractures actuelles. - MILIEUX DU MONDE","isPartOf":{"@id":"https:\/\/milieuxdumonde.com\/#website"},"primaryImageOfPage":{"@id":"https:\/\/milieuxdumonde.com\/entretien-avec-marc-bayle-episode-3-toulon-paradoxes-et-fractures-actuelles\/#primaryimage"},"image":{"@id":"https:\/\/milieuxdumonde.com\/entretien-avec-marc-bayle-episode-3-toulon-paradoxes-et-fractures-actuelles\/#primaryimage"},"thumbnailUrl":"https:\/\/milieuxdumonde.com\/wp-content\/uploads\/2022\/05\/Arsenal_toulon-scaled.jpeg","datePublished":"2026-04-29T12:45:23+00:00","dateModified":"2026-04-30T12:21:28+00:00","breadcrumb":{"@id":"https:\/\/milieuxdumonde.com\/entretien-avec-marc-bayle-episode-3-toulon-paradoxes-et-fractures-actuelles\/#breadcrumb"},"inLanguage":"es","potentialAction":[{"@type":"ReadAction","target":["https:\/\/milieuxdumonde.com\/entretien-avec-marc-bayle-episode-3-toulon-paradoxes-et-fractures-actuelles\/"]}]},{"@type":"ImageObject","inLanguage":"es","@id":"https:\/\/milieuxdumonde.com\/entretien-avec-marc-bayle-episode-3-toulon-paradoxes-et-fractures-actuelles\/#primaryimage","url":"https:\/\/milieuxdumonde.com\/wp-content\/uploads\/2022\/05\/Arsenal_toulon-scaled.jpeg","contentUrl":"https:\/\/milieuxdumonde.com\/wp-content\/uploads\/2022\/05\/Arsenal_toulon-scaled.jpeg","width":2560,"height":1920},{"@type":"BreadcrumbList","@id":"https:\/\/milieuxdumonde.com\/entretien-avec-marc-bayle-episode-3-toulon-paradoxes-et-fractures-actuelles\/#breadcrumb","itemListElement":[{"@type":"ListItem","position":1,"name":"Accueil","item":"https:\/\/milieuxdumonde.com\/"},{"@type":"ListItem","position":2,"name":"Entretien avec Marc Bayle &#8211; \u00c9pisode 3: Toulon, paradoxes et fractures actuelles."}]},{"@type":"WebSite","@id":"https:\/\/milieuxdumonde.com\/#website","url":"https:\/\/milieuxdumonde.com\/","name":"MILIEUX DU MONDE","description":"Maison d\u2019\u00e9dition sp\u00e9cialis\u00e9e sur l\u2019Asie et les espaces maritimes","publisher":{"@id":"https:\/\/milieuxdumonde.com\/#organization"},"potentialAction":[{"@type":"SearchAction","target":{"@type":"EntryPoint","urlTemplate":"https:\/\/milieuxdumonde.com\/?s={search_term_string}"},"query-input":{"@type":"PropertyValueSpecification","valueRequired":true,"valueName":"search_term_string"}}],"inLanguage":"es"},{"@type":"Organization","@id":"https:\/\/milieuxdumonde.com\/#organization","name":"MILIEUX DU MONDE","url":"https:\/\/milieuxdumonde.com\/","logo":{"@type":"ImageObject","inLanguage":"es","@id":"https:\/\/milieuxdumonde.com\/#\/schema\/logo\/image\/","url":"https:\/\/milieuxdumonde.com\/wp-content\/uploads\/2025\/11\/MM-Editions-recadre-linkedin.jpg","contentUrl":"https:\/\/milieuxdumonde.com\/wp-content\/uploads\/2025\/11\/MM-Editions-recadre-linkedin.jpg","width":1664,"height":1664,"caption":"MILIEUX DU MONDE"},"image":{"@id":"https:\/\/milieuxdumonde.com\/#\/schema\/logo\/image\/"}}]}},"_links":{"self":[{"href":"https:\/\/milieuxdumonde.com\/es\/wp-json\/wp\/v2\/pages\/2844","targetHints":{"allow":["GET"]}}],"collection":[{"href":"https:\/\/milieuxdumonde.com\/es\/wp-json\/wp\/v2\/pages"}],"about":[{"href":"https:\/\/milieuxdumonde.com\/es\/wp-json\/wp\/v2\/types\/page"}],"author":[{"embeddable":true,"href":"https:\/\/milieuxdumonde.com\/es\/wp-json\/wp\/v2\/users\/3"}],"replies":[{"embeddable":true,"href":"https:\/\/milieuxdumonde.com\/es\/wp-json\/wp\/v2\/comments?post=2844"}],"version-history":[{"count":5,"href":"https:\/\/milieuxdumonde.com\/es\/wp-json\/wp\/v2\/pages\/2844\/revisions"}],"predecessor-version":[{"id":2877,"href":"https:\/\/milieuxdumonde.com\/es\/wp-json\/wp\/v2\/pages\/2844\/revisions\/2877"}],"wp:featuredmedia":[{"embeddable":true,"href":"https:\/\/milieuxdumonde.com\/es\/wp-json\/wp\/v2\/media\/978"}],"wp:attachment":[{"href":"https:\/\/milieuxdumonde.com\/es\/wp-json\/wp\/v2\/media?parent=2844"}],"curies":[{"name":"wp","href":"https:\/\/api.w.org\/{rel}","templated":true}]}}