{"id":2836,"date":"2026-04-29T14:20:15","date_gmt":"2026-04-29T12:20:15","guid":{"rendered":"https:\/\/milieuxdumonde.com\/?page_id=2836"},"modified":"2026-04-29T15:09:48","modified_gmt":"2026-04-29T13:09:48","slug":"entretien-avec-marc-bayle-episode-2-toulon-une-histoire-dheritage","status":"publish","type":"page","link":"https:\/\/milieuxdumonde.com\/en\/entretien-avec-marc-bayle-episode-2-toulon-une-histoire-dheritage\/","title":{"rendered":"Entretien avec Marc Bayle &#8211; \u00c9pisode 2: Toulon, une histoire d\u2019h\u00e9ritage."},"content":{"rendered":"<h1>Entretien avec Marc Bayle &#8211; \u00c9pisode 2: Toulon, une histoire d\u2019h\u00e9ritage.<\/h1>\n<div class=\"row\"  id=\"row-1371454685\">\n\n\t<div id=\"col-1771323505\" class=\"col medium-9 small-12 large-9\"  >\n\t\t\t\t<div class=\"col-inner\"  >\n\t\t\t\n\t\t\t\n<h3>Marc Bayle revient sur ses liens avec Toulon et les singularit\u00e9s de la ville.<\/h3>\n<p class=\"font-claude-response-body break-words whitespace-normal leading-&#091;1.7&#093;\">Dans <strong>ce deuxi\u00e8me \u00e9pisode<\/strong>, Marc Bayle revient sur <strong>les h\u00e9ritages qui nourrissent son attachement \u00e0 Toulon<\/strong>. Il \u00e9voque son p\u00e8re Marcel, <strong>r\u00e9sistant et d\u00e9put\u00e9 du Var<\/strong>, battant infatigable \u00e0 qui la ville doit entre autres l&rsquo;autoroute Aubagne-Toulon.<\/p>\n<p>Il raconte ensuite <strong>ses huit ans dans la marine<\/strong>, surtout en Oc\u00e9an indien, puis sa carri\u00e8re de pr\u00e9fet aux postes tr\u00e8s vari\u00e9s. C&rsquo;est son <strong>mandat de conseiller g\u00e9n\u00e9ral<\/strong> dans les ann\u00e9es 90, au moment o\u00f9 le Front national prend Toulon, qui le pousse plus tard \u00e0 \u00e9tudier en profondeur les mentalit\u00e9s politiques de sa ville.<\/p>\n<p>Aujourd&rsquo;hui, il l&rsquo;observe avec le recul de l&rsquo;historien, convaincu qu&rsquo;<strong>on ne comprend Toulon qu&rsquo;en connaissant son pass\u00e9<\/strong>.<\/p>\n\t\t<\/div>\n\t\t\t\t\t<\/div>\n\n\t\n\n\t<div id=\"col-1553254809\" class=\"col medium-3 small-12 large-3\"  >\n\t\t\t\t<div class=\"col-inner text-center\"  >\n\t\t\t\n\t\t\t\n\t<div class=\"box has-hover   has-hover box-text-bottom\" >\n\n\t\t<div class=\"box-image\" style=\"width:57%;\">\n\t\t\t\t\t\t<div class=\"\" >\n\t\t\t\t<img loading=\"lazy\" decoding=\"async\" width=\"612\" height=\"920\" src=\"https:\/\/milieuxdumonde.com\/wp-content\/uploads\/2022\/05\/Marc-Rene-Bayle.jpeg\" class=\"attachment- size-\" alt=\"\" srcset=\"https:\/\/milieuxdumonde.com\/wp-content\/uploads\/2022\/05\/Marc-Rene-Bayle.jpeg 612w, https:\/\/milieuxdumonde.com\/wp-content\/uploads\/2022\/05\/Marc-Rene-Bayle-266x400.jpeg 266w, https:\/\/milieuxdumonde.com\/wp-content\/uploads\/2022\/05\/Marc-Rene-Bayle-532x800.jpeg 532w, https:\/\/milieuxdumonde.com\/wp-content\/uploads\/2022\/05\/Marc-Rene-Bayle-8x12.jpeg 8w, https:\/\/milieuxdumonde.com\/wp-content\/uploads\/2022\/05\/Marc-Rene-Bayle-300x451.jpeg 300w, https:\/\/milieuxdumonde.com\/wp-content\/uploads\/2022\/05\/Marc-Rene-Bayle-600x902.jpeg 600w\" sizes=\"auto, (max-width: 612px) 100vw, 612px\" \/>\t\t\t\t\t\t\t\t\t\t\t<\/div>\n\t\t\t\t\t<\/div>\n\n\t\t<div class=\"box-text text-center\" >\n\t\t\t<div class=\"box-text-inner\">\n\t\t\t\t\n\t<div id=\"text-2799176080\" class=\"text\">\n\t\t\n<h4>Marc Bayle<\/h4>\n<p>Honorary Prefect, former Commissioner of the Navy<br \/>\n\t\t\n<style>\n#text-2799176080 {\n  font-size: 0.75rem;\n  line-height: 1.1;\n}\n<\/style>\n\t<\/div>\n\t\n\t\t\t<\/div>\n\t\t<\/div>\n\t<\/div>\n\t\n\t\t<\/div>\n\t\t\t\t\t<\/div>\n\n\t\n\n<style>\n#row-1371454685 > .col > .col-inner {\n  padding: 15px 0px 0px 0px;\n}\n<\/style>\n<\/div>\n<div class=\"row\"  id=\"row-163219311\">\n\n\t<div id=\"col-397848410\" class=\"col small-12 large-12\"  >\n\t\t\t\t<div class=\"col-inner\"  >\n\t\t\t\n\t\t\t\n<div class=\"video video-fit mb\" style=\"padding-top:56.25%;\"><p><iframe loading=\"lazy\" title=\"Marc Bayle - \u00c9pisode 2: Toulon, une histoire d\u2019h\u00e9ritage.\" width=\"1020\" height=\"574\" src=\"https:\/\/www.youtube.com\/embed\/IR9RIKdj8qs?feature=oembed\" frameborder=\"0\" allow=\"accelerometer; autoplay; clipboard-write; encrypted-media; gyroscope; picture-in-picture; web-share\" referrerpolicy=\"strict-origin-when-cross-origin\" allowfullscreen><\/iframe><\/p>\n<\/div>\n<p class=\"font-claude-response-body break-words whitespace-normal leading-&#091;1.7&#093;\"><strong>MILIEUX DU MONDE<\/strong> \u2014 Ces singularit\u00e9s et vos liens \u00e9troits avec Toulon constituent donc une part de votre h\u00e9ritage. Chaque g\u00e9n\u00e9ration re\u00e7oit un pass\u00e9, mais doit l&rsquo;interpr\u00e9ter, le r\u00e9inventer pour construire l&rsquo;avenir. Dans cette perspective, en tant qu&rsquo;acteur et observateur de Toulon, quels sont les h\u00e9ritages que vous cherchez \u00e0 pr\u00e9server, \u00e0 transmettre \u00e0 votre tour, mais aussi \u00e0 r\u00e9inventer ?<\/p>\n<p class=\"font-claude-response-body break-words whitespace-normal leading-&#091;1.7&#093;\"><strong>Marc Bayle<\/strong> \u2014 D&rsquo;abord sur le plan personnel. Mon parcours est d&rsquo;abord de nature politique, puisque mon p\u00e8re, mais aussi mon grand-p\u00e8re, ont \u00e9t\u00e9 des hommes engag\u00e9s dans la vie publique. Mon p\u00e8re a \u00e9t\u00e9 un homme politique tout au long de sa vie, pratiquement de la R\u00e9sistance jusqu&rsquo;\u00e0 son dernier mandat \u00e0 la ville de Toulon, avec un fort engagement politique. Moi, je suis un homme de l&rsquo;administration, \u00e9gar\u00e9 parfois dans la politique.<\/p>\n<p class=\"font-claude-response-body break-words whitespace-normal leading-&#091;1.7&#093;\">J&rsquo;ai eu une exp\u00e9rience assez forte comme conseiller g\u00e9n\u00e9ral pendant sept ans, dans les ann\u00e9es quatre-vingt-dix, au moment o\u00f9 la ville a \u00e9t\u00e9 conquise par le Front national. Des \u00e9v\u00e9nements un peu exceptionnels. Et apr\u00e8s, je suis revenu dans l&rsquo;administration.<\/p>\n<p class=\"font-claude-response-body break-words whitespace-normal leading-&#091;1.7&#093;\">Ma premi\u00e8re exp\u00e9rience a donc \u00e9t\u00e9 la politique. Et ce n&rsquo;est qu&rsquo;apr\u00e8s, sur le tard d&rsquo;une certaine mani\u00e8re, que je me suis interrog\u00e9 : pourquoi le Front national a-t-il pris la ville ? Je me suis int\u00e9ress\u00e9 \u00e0 cette question sur un plan plus universitaire. C&rsquo;est pour cela que j&rsquo;ai men\u00e9 des travaux de recherche sur le Toulon tr\u00e8s contemporain, pour comprendre un peu les ressorts des mentalit\u00e9s politiques toulonnaises. C&rsquo;\u00e9tait presque de l&rsquo;histoire imm\u00e9diate.<\/p>\n<p class=\"font-claude-response-body break-words whitespace-normal leading-&#091;1.7&#093;\">Et plus r\u00e9cemment encore, je me suis replong\u00e9 dans l&rsquo;histoire toulonnaise pour mieux comprendre ma ville. Quand je dis \u00ab ma ville \u00bb, ce n&rsquo;est pas uniquement ma ville au sens local. Comme je vous le disais, c&rsquo;est une ville d&rsquo;\u00c9tat, une ville nationale. On ne peut pas aborder Toulon uniquement par le biais proven\u00e7al, il faut aussi passer par le biais de l&rsquo;\u00c9tat, par le biais national.<\/p>\n<p class=\"font-claude-response-body break-words whitespace-normal leading-&#091;1.7&#093;\">Je me suis rendu compte de l&rsquo;importance de l&rsquo;histoire. Les Romains disaient que les absents sont toujours pr\u00e9sents. On ne peut pas comprendre la vie publique sans faire r\u00e9f\u00e9rence \u00e0 ce qui s&rsquo;est pass\u00e9 auparavant. Et c&rsquo;est une histoire tr\u00e8s riche, tr\u00e8s contrast\u00e9e, qui m\u00e9riterait encore d&rsquo;\u00eatre davantage explor\u00e9e par des historiens professionnels. Toulon l&rsquo;a \u00e9t\u00e9 \u00e0 un moment, elle ne l&rsquo;est plus depuis quelque temps, alors que des villes comme Marseille, Nice ou Avignon sont tr\u00e8s bien document\u00e9es par les historiens.<\/p>\n<p class=\"font-claude-response-body break-words whitespace-normal leading-&#091;1.7&#093;\">Toulon porte des h\u00e9ritages tr\u00e8s lourds : la marine, qui traduit la volont\u00e9 de l&rsquo;\u00c9tat, et puis la politisation \u00e0 ses diff\u00e9rentes \u00e9poques, tr\u00e8s repr\u00e9sentative des probl\u00e8mes nationaux qu&rsquo;on conna\u00eet encore aujourd&rsquo;hui.<\/p>\n<p class=\"font-claude-response-body break-words whitespace-normal leading-&#091;1.7&#093;\"><strong>MILIEUX DU MONDE<\/strong> \u2014 Que doit Toulon \u00e0 votre p\u00e8re, Marcel Bayle, ancien d\u00e9put\u00e9 du Var dont vous \u00e9voquez la m\u00e9moire ?<\/p>\n<p class=\"font-claude-response-body break-words whitespace-normal leading-&#091;1.7&#093;\"><strong>Marc Bayle<\/strong> \u2014 Mon p\u00e8re, c&rsquo;est la g\u00e9n\u00e9ration de la R\u00e9sistance. Il y est entr\u00e9 tr\u00e8s jeune, avec une fid\u00e9lit\u00e9 et une adoration pour le g\u00e9n\u00e9ral de Gaulle, et il a vou\u00e9 toute sa vie \u00e0 l&rsquo;action politique, avec des hauts et souvent des bas.<\/p>\n<p class=\"font-claude-response-body break-words whitespace-normal leading-&#091;1.7&#093;\">Moi, je reste tr\u00e8s admiratif de ce qu&rsquo;il a fait. \u00c7a compte \u00e9norm\u00e9ment un p\u00e8re, surtout quand on se rend compte davantage de sa valeur lorsqu&rsquo;il est parti. C&rsquo;\u00e9tait un combattant. Toute sa vie, c&rsquo;\u00e9tait un combattant. Ce n&rsquo;\u00e9tait pas un intellectuel, mais c&rsquo;\u00e9tait un battant.<\/p>\n<p class=\"font-claude-response-body break-words whitespace-normal leading-&#091;1.7&#093;\">Il a apport\u00e9 des choses pour Toulon. \u00c0 une \u00e9poque o\u00f9 un d\u00e9put\u00e9 avait beaucoup plus de pouvoir, on lui doit le sauvetage des chantiers navals de La Seyne, provisoire certes, parce qu&rsquo;apr\u00e8s ils ont \u00e9t\u00e9 ferm\u00e9s. On lui doit l&rsquo;autoroute entre Aubagne et Toulon. Il avait la force de conviction pour convaincre les \u00e9chelons minist\u00e9riels. C&rsquo;\u00e9tait un battant qui s&rsquo;est battu avec toute la difficult\u00e9 de la vie politique, quelques r\u00e9ussites, mais aussi beaucoup d&rsquo;\u00e9checs.<\/p>\n<p class=\"font-claude-response-body break-words whitespace-normal leading-&#091;1.7&#093;\">C&rsquo;est le cas de tous les fils ou des filles vis-\u00e0-vis de leur p\u00e8re : on s&rsquo;en rend compte beaucoup mieux, malheureusement, lorsqu&rsquo;ils sont partis. C&rsquo;est l&rsquo;exemple type de l&rsquo;homme politique qui avait des convictions chevill\u00e9es au corps. La conviction constante dans les id\u00e9es, malgr\u00e9 tous les tourments de la politique nationale.<\/p>\n<p class=\"font-claude-response-body break-words whitespace-normal leading-&#091;1.7&#093;\">Et \u00e7a implique fatalement qu&rsquo;aujourd&rsquo;hui, le monde politique n&rsquo;est pas attach\u00e9 autant \u00e0 ses convictions. Il n&rsquo;y avait pas les r\u00e9seaux sociaux, il n&rsquo;y avait pas la mode de la communication. Mais en m\u00eame temps, c&rsquo;\u00e9tait le bruit et la fureur de son temps, avec \u00e9norm\u00e9ment de conviction.<\/p>\n<p class=\"font-claude-response-body break-words whitespace-normal leading-&#091;1.7&#093;\">Pour donner un exemple : dans les ann\u00e9es cinquante, mon p\u00e8re \u00e9tait attach\u00e9 \u00e0 l&rsquo;id\u00e9e de l&rsquo;Alg\u00e9rie fran\u00e7aise, au maintien de l&rsquo;Alg\u00e9rie dans l&rsquo;ensemble fran\u00e7ais. Il \u00e9tait proche de Jacques Soustelle, ancien gouverneur de l&rsquo;Alg\u00e9rie, tr\u00e8s engag\u00e9 sur cette ligne. Et en 59-60, il a connu un d\u00e9chirement tr\u00e8s fort. Il me l&rsquo;a racont\u00e9. Un d\u00e9chirement entre sa fid\u00e9lit\u00e9 au g\u00e9n\u00e9ral de Gaulle, qui allait vers une politique d&rsquo;autod\u00e9termination, et son attachement \u00e0 Soustelle, qui \u00e9tait un homme extraordinaire, para\u00eet-il. Lui est rest\u00e9 fid\u00e8le au g\u00e9n\u00e9ral, mais il m&rsquo;a racont\u00e9 la temp\u00eate sous un cr\u00e2ne, pour reprendre un mot c\u00e9l\u00e8bre, que cela repr\u00e9sentait. Ce sont des dilemmes nationaux, aussi.<\/p>\n<p class=\"font-claude-response-body break-words whitespace-normal leading-&#091;1.7&#093;\"><strong>MILIEUX DU MONDE<\/strong> \u2014 Quel h\u00e9ritage et quelles exp\u00e9riences retenez-vous de vos ann\u00e9es pass\u00e9es dans la marine ?<\/p>\n<p class=\"font-claude-response-body break-words whitespace-normal leading-&#091;1.7&#093;\"><strong>Marc Bayle<\/strong> \u2014 J&rsquo;ai pass\u00e9 \u00e0 peu pr\u00e8s huit ans dans la marine. Elle m&rsquo;a beaucoup apport\u00e9. Elle m&rsquo;a appris \u00e0 diriger des hommes, \u00e0 les conna\u00eetre, \u00e0 avoir un certain sens de la ponctualit\u00e9 dans le travail.<\/p>\n<p class=\"font-claude-response-body break-words whitespace-normal leading-&#091;1.7&#093;\">On ne procrastine pas, parce que lorsque vous \u00eates sur un b\u00e2timent, le bateau n&rsquo;attend pas. \u00c7a a \u00e9t\u00e9 un apport professionnel extraordinaire. Il y a aussi le sens de l&rsquo;\u00e9quipage qu&rsquo;on d\u00e9veloppe \u00e0 bord. Moi, mon temps dans la marine, c&rsquo;\u00e9tait essentiellement sur des b\u00e2timents, en plus des b\u00e2timents qui \u00e9taient excentr\u00e9s, en Oc\u00e9an indien.<\/p>\n<p class=\"font-claude-response-body break-words whitespace-normal leading-&#091;1.7&#093;\">Mon premier b\u00e2timent, c&rsquo;\u00e9tait un aviso escorteur bas\u00e9 en Oc\u00e9an indien, avec Djibouti comme port de base. Mon second b\u00e2timent, c&rsquo;\u00e9tait la fr\u00e9gate lance-missiles Suffren, bas\u00e9e \u00e0 Toulon. Mais il se trouve que ce b\u00e2timent a \u00e9t\u00e9 d\u00e9p\u00each\u00e9 pendant la guerre Irak-Iran en 1980 en Oc\u00e9an indien. On est rest\u00e9s presque dix mois l\u00e0-bas, avec Djibouti comme port de base, de temps en temps La R\u00e9union. J&rsquo;ai donc plus l&rsquo;exp\u00e9rience de la marine outre-mer que de la marine bas\u00e9e \u00e0 Toulon ou dans l&rsquo;Ouest.<\/p>\n<p class=\"font-claude-response-body break-words whitespace-normal leading-&#091;1.7&#093;\">Et puis aussi peut-\u00eatre une ann\u00e9e pass\u00e9e \u00e0 Paris, au minist\u00e8re de la D\u00e9fense.<\/p>\n<p class=\"font-claude-response-body break-words whitespace-normal leading-&#091;1.7&#093;\"><strong>MILIEUX DU MONDE<\/strong> \u2014 Apr\u00e8s la marine, que retenez-vous de votre exp\u00e9rience dans l&rsquo;administration ?<\/p>\n<p class=\"font-claude-response-body break-words whitespace-normal leading-&#091;1.7&#093;\"><strong>Marc Bayle<\/strong> \u2014 J&rsquo;ai d\u00e9velopp\u00e9 surtout une carri\u00e8re pr\u00e9fectorale : sous-pr\u00e9fet, puis pr\u00e9fet, tr\u00e8s vari\u00e9e, parce que ce sont des postes qui changent en moyenne tous les deux ans. On est un peu un nomade de l&rsquo;administration.<\/p>\n<p class=\"font-claude-response-body break-words whitespace-normal leading-&#091;1.7&#093;\">J&rsquo;ai eu beaucoup de postes \u00e0 Paris, dans les directions centrales. J&rsquo;ai fait du cabinet minist\u00e9riel, mais j&rsquo;ai aussi connu d&rsquo;autres minist\u00e8res : j&rsquo;ai travaill\u00e9 deux ans au Quai d&rsquo;Orsay, au minist\u00e8re des Outre-mer. J&rsquo;ai aussi \u00e9t\u00e9 directeur \u00e0 la pr\u00e9fecture de police de Paris. Une exp\u00e9rience parisienne assez forte, donc.<\/p>\n<p class=\"font-claude-response-body break-words whitespace-normal leading-&#091;1.7&#093;\">S&rsquo;il fallait caract\u00e9riser ce type de m\u00e9tier, c&rsquo;est la vari\u00e9t\u00e9, c&rsquo;est la n\u00e9cessit\u00e9 de s&rsquo;adapter tr\u00e8s vite, trop vite d&rsquo;ailleurs, parce qu&rsquo;il faut quand m\u00eame quelques mois pour s&rsquo;adapter \u00e0 un nouveau poste. Et puis, lorsqu&rsquo;on a commenc\u00e9 \u00e0 s&rsquo;enraciner, il faut partir.<\/p>\n<p class=\"font-claude-response-body break-words whitespace-normal leading-&#091;1.7&#093;\"><strong>MILIEUX DU MONDE<\/strong> \u2014 On vient d&rsquo;\u00e9voquer votre h\u00e9ritage paternel, l&rsquo;h\u00e9ritage de votre passage dans la marine, puis dans l&rsquo;administration. Qu&rsquo;est-ce que vous retenez de ces exp\u00e9riences au regard de Toulon ?<\/p>\n<p class=\"font-claude-response-body break-words whitespace-normal leading-&#091;1.7&#093;\"><strong>Marc Bayle<\/strong> \u2014 Lorsque j&rsquo;\u00e9tais conseiller g\u00e9n\u00e9ral, j&rsquo;avais une forte ambition pour Toulon, je me souviens m\u00eame avoir voulu aller plus loin, m&rsquo;incruster dans la vie municipale. Puis, je ne vais pas rentrer dans les d\u00e9tails politiciens, mais \u00e7a n&rsquo;a pas march\u00e9. J&rsquo;ai pr\u00e9f\u00e9r\u00e9 revenir dans mon corps d&rsquo;origine, dans l&rsquo;administration.<\/p>\n<p class=\"font-claude-response-body break-words whitespace-normal leading-&#091;1.7&#093;\">Moi, j&rsquo;\u00e9tais partisan d&rsquo;une plus grande ouverture de la ville, \u00e9conomique et sociale. J&rsquo;ai pr\u00e9f\u00e9r\u00e9, comme on dit souvent, quitter les choses avant qu&rsquo;elles ne vous quittent. Je n&rsquo;\u00e9tais pas forc\u00e9ment soutenu par mon parti politique. J&rsquo;ai pr\u00e9f\u00e9r\u00e9 revenir dans l&rsquo;administration parce que je n&rsquo;\u00e9tais pas en recherche d&rsquo;une carri\u00e8re politique \u00e0 proprement parler. Je n&rsquo;avais pas le m\u00eame \u00e9tat d&rsquo;esprit que mon p\u00e8re, qui, lui, \u00e9tait vraiment un homme politique au sens complet du terme. Moi, j&rsquo;\u00e9tais avant tout dans l&rsquo;administration.<\/p>\n<p class=\"font-claude-response-body break-words whitespace-normal leading-&#091;1.7&#093;\">Et je suis heureux de revenir \u00e0 Toulon, car je n&rsquo;ai jamais vraiment quitt\u00e9 cette ville, et de m&rsquo;y int\u00e9resser d&rsquo;une autre mani\u00e8re, comme observateur, comme je le soulignais tout \u00e0 l&rsquo;heure.<\/p>\n\t\t<\/div>\n\t\t\t\t\t<\/div>\n\n\t\n<\/div>\n<div class=\"row\"  id=\"row-1293365573\">\n\n\t<div id=\"col-1846178192\" class=\"col small-12 large-12\"  >\n\t\t\t\t<div class=\"col-inner\"  >\n\t\t\t\n\t\t\t\n<div class=\"row\"  id=\"row-538272066\">\n\n\t<div id=\"col-1822749079\" class=\"col small-12 large-12\"  >\n\t\t\t\t<div class=\"col-inner\"  >\n\t\t\t\n\t\t\t\n<div class=\"message-box relative dark\" style=\"padding-top:67px;padding-bottom:67px;\"><div class=\"message-box-bg-image bg-fill fill\" style=\"background-image:url(https:\/\/milieuxdumonde.com\/wp-content\/uploads\/2022\/05\/toulon-cover-2-1378x800.jpg);\"><\/div><div class=\"message-box-bg-overlay bg-fill fill\" ><\/div><div class=\"container relative\"><div class=\"inner last-reset\">\n<div class=\"row align-middle align-center\"  id=\"row-1058499739\">\n\n\t<div id=\"col-311456973\" class=\"col medium-9 small-12 large-9\"  >\n\t\t\t\t<div class=\"col-inner\"  >\n\t\t\t\n\t\t\t\n<p>Commandez les ouvrages de Marc Bayle et partez \u00e0 la d\u00e9couverte de la ville singuli\u00e8re de Toulon, en compagnie de Vauban, Schopenhauer, Victor Hugo, Stendhal, Michelet, Loti, Morand, Django Reinhardt, Bernanos, Gilbert B\u00e9caud, et bien d\u2019autres !<\/p>\n\t\t<\/div>\n\t\t\t\t\t<\/div>\n\n\t\n\n\t<div id=\"col-171525759\" class=\"col medium-2 small-12 large-2\"  >\n\t\t\t\t<div class=\"col-inner text-center\"  >\n\t\t\t\n\t\t\t\n<a href=\"https:\/\/milieuxdumonde.com\/en\/product-category\/livres\/\" class=\"button primary is-bevel is-large hp-cta\"  style=\"border-radius:99px;\">\n\t\t<span>Order<\/span>\n\t<\/a>\n\n\t\t<\/div>\n\t\t\t\t\t<\/div>\n\n\t\n<\/div>\n<\/div><\/div><\/div>\n\t\t<\/div>\n\t\t\t\t\t<\/div>\n\n\t\n<\/div>\n\t\t<\/div>\n\t\t\t\t\t<\/div>\n\n\t\n<\/div>","protected":false},"excerpt":{"rendered":"<p>Entretien avec Marc Bayle &#8211; \u00c9pisode 2: Toulon, une histoire d\u2019h\u00e9ritage.<\/p>","protected":false},"author":3,"featured_media":978,"parent":0,"menu_order":0,"comment_status":"closed","ping_status":"closed","template":"","meta":{"footnotes":""},"class_list":["post-2836","page","type-page","status-publish","has-post-thumbnail","hentry"],"yoast_head":"<!-- This site is optimized with the Yoast SEO plugin v27.4 - https:\/\/yoast.com\/product\/yoast-seo-wordpress\/ -->\n<title>Entretien avec Marc Bayle - \u00c9pisode 2: Toulon, une histoire d\u2019h\u00e9ritage. - MILIEUX DU MONDE<\/title>\n<meta name=\"robots\" content=\"index, follow, max-snippet:-1, max-image-preview:large, max-video-preview:-1\" \/>\n<link rel=\"canonical\" href=\"https:\/\/milieuxdumonde.com\/en\/entretien-avec-marc-bayle-episode-2-toulon-une-histoire-dheritage\/\" \/>\n<meta property=\"og:locale\" content=\"en_US\" \/>\n<meta property=\"og:type\" content=\"article\" \/>\n<meta property=\"og:title\" content=\"Entretien avec Marc Bayle - \u00c9pisode 2: Toulon, une histoire d\u2019h\u00e9ritage. - MILIEUX DU MONDE\" \/>\n<meta property=\"og:description\" content=\"Entretien avec Marc Bayle &#8211; \u00c9pisode 2: Toulon, une histoire d\u2019h\u00e9ritage.\" \/>\n<meta property=\"og:url\" content=\"https:\/\/milieuxdumonde.com\/en\/entretien-avec-marc-bayle-episode-2-toulon-une-histoire-dheritage\/\" \/>\n<meta property=\"og:site_name\" content=\"MILIEUX DU MONDE\" \/>\n<meta property=\"article:modified_time\" content=\"2026-04-29T13:09:48+00:00\" \/>\n<meta property=\"og:image\" content=\"https:\/\/milieuxdumonde.com\/wp-content\/uploads\/2022\/05\/Arsenal_toulon-scaled.jpeg\" \/>\n\t<meta property=\"og:image:width\" content=\"2560\" \/>\n\t<meta property=\"og:image:height\" content=\"1920\" \/>\n\t<meta property=\"og:image:type\" content=\"image\/jpeg\" \/>\n<meta name=\"twitter:card\" content=\"summary_large_image\" \/>\n<meta name=\"twitter:label1\" content=\"Est. reading time\" \/>\n\t<meta name=\"twitter:data1\" content=\"9 minutes\" \/>\n<script type=\"application\/ld+json\" class=\"yoast-schema-graph\">{\"@context\":\"https:\\\/\\\/schema.org\",\"@graph\":[{\"@type\":\"WebPage\",\"@id\":\"https:\\\/\\\/milieuxdumonde.com\\\/entretien-avec-marc-bayle-episode-2-toulon-une-histoire-dheritage\\\/\",\"url\":\"https:\\\/\\\/milieuxdumonde.com\\\/entretien-avec-marc-bayle-episode-2-toulon-une-histoire-dheritage\\\/\",\"name\":\"Entretien avec Marc Bayle - \u00c9pisode 2: Toulon, une histoire d\u2019h\u00e9ritage. - MILIEUX DU MONDE\",\"isPartOf\":{\"@id\":\"https:\\\/\\\/milieuxdumonde.com\\\/#website\"},\"primaryImageOfPage\":{\"@id\":\"https:\\\/\\\/milieuxdumonde.com\\\/entretien-avec-marc-bayle-episode-2-toulon-une-histoire-dheritage\\\/#primaryimage\"},\"image\":{\"@id\":\"https:\\\/\\\/milieuxdumonde.com\\\/entretien-avec-marc-bayle-episode-2-toulon-une-histoire-dheritage\\\/#primaryimage\"},\"thumbnailUrl\":\"https:\\\/\\\/milieuxdumonde.com\\\/wp-content\\\/uploads\\\/2022\\\/05\\\/Arsenal_toulon-scaled.jpeg\",\"datePublished\":\"2026-04-29T12:20:15+00:00\",\"dateModified\":\"2026-04-29T13:09:48+00:00\",\"breadcrumb\":{\"@id\":\"https:\\\/\\\/milieuxdumonde.com\\\/entretien-avec-marc-bayle-episode-2-toulon-une-histoire-dheritage\\\/#breadcrumb\"},\"inLanguage\":\"en-US\",\"potentialAction\":[{\"@type\":\"ReadAction\",\"target\":[\"https:\\\/\\\/milieuxdumonde.com\\\/entretien-avec-marc-bayle-episode-2-toulon-une-histoire-dheritage\\\/\"]}]},{\"@type\":\"ImageObject\",\"inLanguage\":\"en-US\",\"@id\":\"https:\\\/\\\/milieuxdumonde.com\\\/entretien-avec-marc-bayle-episode-2-toulon-une-histoire-dheritage\\\/#primaryimage\",\"url\":\"https:\\\/\\\/milieuxdumonde.com\\\/wp-content\\\/uploads\\\/2022\\\/05\\\/Arsenal_toulon-scaled.jpeg\",\"contentUrl\":\"https:\\\/\\\/milieuxdumonde.com\\\/wp-content\\\/uploads\\\/2022\\\/05\\\/Arsenal_toulon-scaled.jpeg\",\"width\":2560,\"height\":1920},{\"@type\":\"BreadcrumbList\",\"@id\":\"https:\\\/\\\/milieuxdumonde.com\\\/entretien-avec-marc-bayle-episode-2-toulon-une-histoire-dheritage\\\/#breadcrumb\",\"itemListElement\":[{\"@type\":\"ListItem\",\"position\":1,\"name\":\"Accueil\",\"item\":\"https:\\\/\\\/milieuxdumonde.com\\\/\"},{\"@type\":\"ListItem\",\"position\":2,\"name\":\"Entretien avec Marc Bayle &#8211; \u00c9pisode 2: Toulon, une histoire d\u2019h\u00e9ritage.\"}]},{\"@type\":\"WebSite\",\"@id\":\"https:\\\/\\\/milieuxdumonde.com\\\/#website\",\"url\":\"https:\\\/\\\/milieuxdumonde.com\\\/\",\"name\":\"MILIEUX DU MONDE\",\"description\":\"Maison d\u2019\u00e9dition sp\u00e9cialis\u00e9e sur l\u2019Asie et les espaces maritimes\",\"publisher\":{\"@id\":\"https:\\\/\\\/milieuxdumonde.com\\\/#organization\"},\"potentialAction\":[{\"@type\":\"SearchAction\",\"target\":{\"@type\":\"EntryPoint\",\"urlTemplate\":\"https:\\\/\\\/milieuxdumonde.com\\\/?s={search_term_string}\"},\"query-input\":{\"@type\":\"PropertyValueSpecification\",\"valueRequired\":true,\"valueName\":\"search_term_string\"}}],\"inLanguage\":\"en-US\"},{\"@type\":\"Organization\",\"@id\":\"https:\\\/\\\/milieuxdumonde.com\\\/#organization\",\"name\":\"MILIEUX DU MONDE\",\"url\":\"https:\\\/\\\/milieuxdumonde.com\\\/\",\"logo\":{\"@type\":\"ImageObject\",\"inLanguage\":\"en-US\",\"@id\":\"https:\\\/\\\/milieuxdumonde.com\\\/#\\\/schema\\\/logo\\\/image\\\/\",\"url\":\"https:\\\/\\\/milieuxdumonde.com\\\/wp-content\\\/uploads\\\/2025\\\/11\\\/MM-Editions-recadre-linkedin.jpg\",\"contentUrl\":\"https:\\\/\\\/milieuxdumonde.com\\\/wp-content\\\/uploads\\\/2025\\\/11\\\/MM-Editions-recadre-linkedin.jpg\",\"width\":1664,\"height\":1664,\"caption\":\"MILIEUX DU MONDE\"},\"image\":{\"@id\":\"https:\\\/\\\/milieuxdumonde.com\\\/#\\\/schema\\\/logo\\\/image\\\/\"}}]}<\/script>\n<!-- \/ Yoast SEO plugin. -->","yoast_head_json":{"title":"Entretien avec Marc Bayle - \u00c9pisode 2: Toulon, une histoire d\u2019h\u00e9ritage. - MILIEUX DU MONDE","robots":{"index":"index","follow":"follow","max-snippet":"max-snippet:-1","max-image-preview":"max-image-preview:large","max-video-preview":"max-video-preview:-1"},"canonical":"https:\/\/milieuxdumonde.com\/en\/entretien-avec-marc-bayle-episode-2-toulon-une-histoire-dheritage\/","og_locale":"en_US","og_type":"article","og_title":"Entretien avec Marc Bayle - \u00c9pisode 2: Toulon, une histoire d\u2019h\u00e9ritage. - MILIEUX DU MONDE","og_description":"Entretien avec Marc Bayle &#8211; \u00c9pisode 2: Toulon, une histoire d\u2019h\u00e9ritage.","og_url":"https:\/\/milieuxdumonde.com\/en\/entretien-avec-marc-bayle-episode-2-toulon-une-histoire-dheritage\/","og_site_name":"MILIEUX DU MONDE","article_modified_time":"2026-04-29T13:09:48+00:00","og_image":[{"width":2560,"height":1920,"url":"https:\/\/milieuxdumonde.com\/wp-content\/uploads\/2022\/05\/Arsenal_toulon-scaled.jpeg","type":"image\/jpeg"}],"twitter_card":"summary_large_image","twitter_misc":{"Est. reading time":"9 minutes"},"schema":{"@context":"https:\/\/schema.org","@graph":[{"@type":"WebPage","@id":"https:\/\/milieuxdumonde.com\/entretien-avec-marc-bayle-episode-2-toulon-une-histoire-dheritage\/","url":"https:\/\/milieuxdumonde.com\/entretien-avec-marc-bayle-episode-2-toulon-une-histoire-dheritage\/","name":"Entretien avec Marc Bayle - \u00c9pisode 2: Toulon, une histoire d\u2019h\u00e9ritage. - MILIEUX DU MONDE","isPartOf":{"@id":"https:\/\/milieuxdumonde.com\/#website"},"primaryImageOfPage":{"@id":"https:\/\/milieuxdumonde.com\/entretien-avec-marc-bayle-episode-2-toulon-une-histoire-dheritage\/#primaryimage"},"image":{"@id":"https:\/\/milieuxdumonde.com\/entretien-avec-marc-bayle-episode-2-toulon-une-histoire-dheritage\/#primaryimage"},"thumbnailUrl":"https:\/\/milieuxdumonde.com\/wp-content\/uploads\/2022\/05\/Arsenal_toulon-scaled.jpeg","datePublished":"2026-04-29T12:20:15+00:00","dateModified":"2026-04-29T13:09:48+00:00","breadcrumb":{"@id":"https:\/\/milieuxdumonde.com\/entretien-avec-marc-bayle-episode-2-toulon-une-histoire-dheritage\/#breadcrumb"},"inLanguage":"en-US","potentialAction":[{"@type":"ReadAction","target":["https:\/\/milieuxdumonde.com\/entretien-avec-marc-bayle-episode-2-toulon-une-histoire-dheritage\/"]}]},{"@type":"ImageObject","inLanguage":"en-US","@id":"https:\/\/milieuxdumonde.com\/entretien-avec-marc-bayle-episode-2-toulon-une-histoire-dheritage\/#primaryimage","url":"https:\/\/milieuxdumonde.com\/wp-content\/uploads\/2022\/05\/Arsenal_toulon-scaled.jpeg","contentUrl":"https:\/\/milieuxdumonde.com\/wp-content\/uploads\/2022\/05\/Arsenal_toulon-scaled.jpeg","width":2560,"height":1920},{"@type":"BreadcrumbList","@id":"https:\/\/milieuxdumonde.com\/entretien-avec-marc-bayle-episode-2-toulon-une-histoire-dheritage\/#breadcrumb","itemListElement":[{"@type":"ListItem","position":1,"name":"Accueil","item":"https:\/\/milieuxdumonde.com\/"},{"@type":"ListItem","position":2,"name":"Entretien avec Marc Bayle &#8211; \u00c9pisode 2: Toulon, une histoire d\u2019h\u00e9ritage."}]},{"@type":"WebSite","@id":"https:\/\/milieuxdumonde.com\/#website","url":"https:\/\/milieuxdumonde.com\/","name":"MILIEUX DU MONDE","description":"Publishing house specializing in Asia and maritime areas","publisher":{"@id":"https:\/\/milieuxdumonde.com\/#organization"},"potentialAction":[{"@type":"SearchAction","target":{"@type":"EntryPoint","urlTemplate":"https:\/\/milieuxdumonde.com\/?s={search_term_string}"},"query-input":{"@type":"PropertyValueSpecification","valueRequired":true,"valueName":"search_term_string"}}],"inLanguage":"en-US"},{"@type":"Organization","@id":"https:\/\/milieuxdumonde.com\/#organization","name":"MILIEUX DU MONDE","url":"https:\/\/milieuxdumonde.com\/","logo":{"@type":"ImageObject","inLanguage":"en-US","@id":"https:\/\/milieuxdumonde.com\/#\/schema\/logo\/image\/","url":"https:\/\/milieuxdumonde.com\/wp-content\/uploads\/2025\/11\/MM-Editions-recadre-linkedin.jpg","contentUrl":"https:\/\/milieuxdumonde.com\/wp-content\/uploads\/2025\/11\/MM-Editions-recadre-linkedin.jpg","width":1664,"height":1664,"caption":"MILIEUX DU MONDE"},"image":{"@id":"https:\/\/milieuxdumonde.com\/#\/schema\/logo\/image\/"}}]}},"_links":{"self":[{"href":"https:\/\/milieuxdumonde.com\/en\/wp-json\/wp\/v2\/pages\/2836","targetHints":{"allow":["GET"]}}],"collection":[{"href":"https:\/\/milieuxdumonde.com\/en\/wp-json\/wp\/v2\/pages"}],"about":[{"href":"https:\/\/milieuxdumonde.com\/en\/wp-json\/wp\/v2\/types\/page"}],"author":[{"embeddable":true,"href":"https:\/\/milieuxdumonde.com\/en\/wp-json\/wp\/v2\/users\/3"}],"replies":[{"embeddable":true,"href":"https:\/\/milieuxdumonde.com\/en\/wp-json\/wp\/v2\/comments?post=2836"}],"version-history":[{"count":7,"href":"https:\/\/milieuxdumonde.com\/en\/wp-json\/wp\/v2\/pages\/2836\/revisions"}],"predecessor-version":[{"id":2857,"href":"https:\/\/milieuxdumonde.com\/en\/wp-json\/wp\/v2\/pages\/2836\/revisions\/2857"}],"wp:featuredmedia":[{"embeddable":true,"href":"https:\/\/milieuxdumonde.com\/en\/wp-json\/wp\/v2\/media\/978"}],"wp:attachment":[{"href":"https:\/\/milieuxdumonde.com\/en\/wp-json\/wp\/v2\/media?parent=2836"}],"curies":[{"name":"wp","href":"https:\/\/api.w.org\/{rel}","templated":true}]}}