{"id":2830,"date":"2026-04-29T13:48:17","date_gmt":"2026-04-29T11:48:17","guid":{"rendered":"https:\/\/milieuxdumonde.com\/?page_id=2830"},"modified":"2026-04-29T15:28:26","modified_gmt":"2026-04-29T13:28:26","slug":"entretien-avec-marc-bayle-episode-1-toulon-ville-dattache","status":"publish","type":"page","link":"https:\/\/milieuxdumonde.com\/en\/entretien-avec-marc-bayle-episode-1-toulon-ville-dattache\/","title":{"rendered":"Entretien avec Marc Bayle &#8211; \u00c9pisode 1: Toulon, ville d\u2019attache"},"content":{"rendered":"<h1>Entretien avec Marc Bayle &#8211; \u00c9pisode 1: Toulon, ville d\u2019attache.<\/h1>\n<div class=\"row\"  id=\"row-925127262\">\n\n\t<div id=\"col-348594626\" class=\"col medium-9 small-12 large-9\"  >\n\t\t\t\t<div class=\"col-inner\"  >\n\t\t\t\n\t\t\t\n<h3>Marc Bayle revient sur ses liens avec Toulon et les singularit\u00e9s de la ville.<\/h3>\n<p class=\"font-claude-response-body break-words whitespace-normal leading-&#091;1.7&#093;\">Dans ce premier \u00e9pisode, Marc Bayle, Toulonnais de longue date et historien, nous livre <strong>sa lecture des singularit\u00e9s de Toulon.<\/strong><\/p>\n<p class=\"font-claude-response-body break-words whitespace-normal leading-&#091;1.7&#093;\">Il identifie <strong>quatre traits fondateurs<\/strong>. D&rsquo;abord, Toulon est avant tout une ville de la marine, fa\u00e7onn\u00e9e par et pour l&rsquo;\u00c9tat depuis Henri IV, Louis XIV et Colbert &#8211; <strong>une ville martiale<\/strong> d&rsquo;o\u00f9 sont parties les grandes exp\u00e9ditions, de Bonaparte \u00e0 la conqu\u00eate de l&rsquo;Alg\u00e9rie. Ensuite, c&rsquo;est <strong>une ville au double visage<\/strong>, que Victor Hugo r\u00e9sumait dans Les Ch\u00e2timents par ce vers : \u00ab Ville que l&rsquo;infamie et la gloire ensemencent \u00bb &#8211; l&rsquo;infamie du bagne et des bas-fonds portuaires, la gloire de la Royale et de l&rsquo;ascension de Bonaparte. Troisi\u00e8me trait : <strong>une politisation pr\u00e9coce<\/strong>, n\u00e9e de la concentration ouvri\u00e8re autour de l&rsquo;Arsenal, berceau des premi\u00e8res id\u00e9es du socialisme utopique. Enfin, Toulon <strong>n&rsquo;est pas une ville touristique<\/strong> &#8211; elle ne fait pas partie de la C\u00f4te d&rsquo;Azur dans l&rsquo;imaginaire collectif, restant avant tout une ville de garnison et d&rsquo;administration.<\/p>\n\t\t<\/div>\n\t\t\t\t\t<\/div>\n\n\t\n\n\t<div id=\"col-1291123740\" class=\"col medium-3 small-12 large-3\"  >\n\t\t\t\t<div class=\"col-inner text-center\"  >\n\t\t\t\n\t\t\t\n\t<div class=\"box has-hover   has-hover box-text-bottom\" >\n\n\t\t<div class=\"box-image\" style=\"width:57%;\">\n\t\t\t\t\t\t<div class=\"\" >\n\t\t\t\t<img loading=\"lazy\" decoding=\"async\" width=\"612\" height=\"920\" src=\"https:\/\/milieuxdumonde.com\/wp-content\/uploads\/2022\/05\/Marc-Rene-Bayle.jpeg\" class=\"attachment- size-\" alt=\"\" srcset=\"https:\/\/milieuxdumonde.com\/wp-content\/uploads\/2022\/05\/Marc-Rene-Bayle.jpeg 612w, https:\/\/milieuxdumonde.com\/wp-content\/uploads\/2022\/05\/Marc-Rene-Bayle-266x400.jpeg 266w, https:\/\/milieuxdumonde.com\/wp-content\/uploads\/2022\/05\/Marc-Rene-Bayle-532x800.jpeg 532w, https:\/\/milieuxdumonde.com\/wp-content\/uploads\/2022\/05\/Marc-Rene-Bayle-8x12.jpeg 8w, https:\/\/milieuxdumonde.com\/wp-content\/uploads\/2022\/05\/Marc-Rene-Bayle-300x451.jpeg 300w, https:\/\/milieuxdumonde.com\/wp-content\/uploads\/2022\/05\/Marc-Rene-Bayle-600x902.jpeg 600w\" sizes=\"auto, (max-width: 612px) 100vw, 612px\" \/>\t\t\t\t\t\t\t\t\t\t\t<\/div>\n\t\t\t\t\t<\/div>\n\n\t\t<div class=\"box-text text-center\" >\n\t\t\t<div class=\"box-text-inner\">\n\t\t\t\t\n\t<div id=\"text-2993295639\" class=\"text\">\n\t\t\n<h4>Marc Bayle<\/h4>\n<p>Honorary Prefect, former Commissioner of the Navy<br \/>\n\t\t\n<style>\n#text-2993295639 {\n  font-size: 0.75rem;\n  line-height: 1.1;\n}\n<\/style>\n\t<\/div>\n\t\n\t\t\t<\/div>\n\t\t<\/div>\n\t<\/div>\n\t\n\t\t<\/div>\n\t\t\t\t\t<\/div>\n\n\t\n\n<style>\n#row-925127262 > .col > .col-inner {\n  padding: 15px 0px 0px 0px;\n}\n<\/style>\n<\/div>\n<div class=\"row\"  id=\"row-2131898954\">\n\n\t<div id=\"col-1914618606\" class=\"col small-12 large-12\"  >\n\t\t\t\t<div class=\"col-inner\"  >\n\t\t\t\n\t\t\t\n<div class=\"video video-fit mb\" style=\"padding-top:56.25%;\"><p><iframe loading=\"lazy\" title=\"\u00c9pisode 1: Toulon, ville d\u2019attache.\" width=\"1020\" height=\"574\" src=\"https:\/\/www.youtube.com\/embed\/tS0wzQ6Zrv0?feature=oembed\" frameborder=\"0\" allow=\"accelerometer; autoplay; clipboard-write; encrypted-media; gyroscope; picture-in-picture; web-share\" referrerpolicy=\"strict-origin-when-cross-origin\" allowfullscreen><\/iframe><\/p>\n<\/div>\n<p class=\"font-claude-response-body break-words whitespace-normal leading-&#091;1.7&#093;\"><strong>MILIEUX DU MONDE<\/strong> \u2014 Marc Bayle, bonjour.<\/p>\n<p class=\"font-claude-response-body break-words whitespace-normal leading-&#091;1.7&#093;\"><strong>Marc Bayle<\/strong> \u2014 Bonjour.<\/p>\n<p class=\"font-claude-response-body break-words whitespace-normal leading-&#091;1.7&#093;\"><strong>MILIEUX DU MONDE<\/strong> \u2014 Merci de nous recevoir aujourd&rsquo;hui \u00e0 Toulon, votre ville natale, une ville dont vous avez \u00e9t\u00e9, comme vos p\u00e8res, un des acteurs de la vie publique. Une ville dont vous restez toujours aujourd&rsquo;hui un observateur attentif, pour ne pas dire attentionn\u00e9. Toulon, dont vous dites \u00ab aimer toutes les facettes \u00bb, sur lesquelles nous reviendrons lors de cet entretien.<\/p>\n<p class=\"font-claude-response-body break-words whitespace-normal leading-&#091;1.7&#093;\">Pour commencer notre \u00e9change, j&rsquo;aimerais \u00e9voquer avec vous les singularit\u00e9s qui vous font aimer Toulon. En introduction de <em>Toulon, portrait d&rsquo;une ville<\/em>, vous soulignez qu&rsquo;\u00e9crire sur le Toulon contemporain, c&rsquo;est p\u00e9n\u00e9trer dans un monde \u00e0 la fois connu et inconnu. Et dans <em>Toulon, au fil des textes<\/em>, vous pr\u00e9sentez Toulon comme une ville de contraste, \u00e0 la fois glorieuse et d\u00e9cri\u00e9e. Selon vous, quelles sont les singularit\u00e9s de Toulon et les liens qui vous attachent personnellement \u00e0 cette ville ?<\/p>\n<p class=\"font-claude-response-body break-words whitespace-normal leading-&#091;1.7&#093;\"><strong>Marc Bayle<\/strong> \u2014 Les liens sont tr\u00e8s faciles \u00e0 expliquer. Je suis issu d&rsquo;une famille toulonnaise ancr\u00e9e depuis longtemps, une famille qui, en plus, s&rsquo;est investie dans la vie publique toulonnaise. Cette ville m&rsquo;a toujours intrigu\u00e9, mais j&rsquo;ai eu un parcours personnel et professionnel qui m&rsquo;a souvent \u00e9loign\u00e9 de ma ville natale, tout en y restant attach\u00e9. J&rsquo;y suis toujours revenu pour les vacances, ma famille \u00e9tant pr\u00e9sente.<\/p>\n<p class=\"font-claude-response-body break-words whitespace-normal leading-&#091;1.7&#093;\">Et depuis quelque temps, ayant un peu plus de temps libre, je me suis int\u00e9ress\u00e9 \u00e0 Toulon. D&rsquo;abord sur le plan politique, puisque, comme vous l&rsquo;avez rappel\u00e9, j&rsquo;ai eu un mandat \u00e9lectoral qui m&rsquo;a amen\u00e9 \u00e0 \u00eatre un \u00e9tudiant attard\u00e9 en histoire. Ce n&rsquo;est pas ma formation initiale, et je me suis int\u00e9ress\u00e9 \u00e0 l&rsquo;histoire politique contemporaine de Toulon. J&rsquo;ai d&rsquo;ailleurs soutenu une th\u00e8se sur les droites \u00e0 Toulon sous la Cinqui\u00e8me R\u00e9publique.<\/p>\n<p class=\"font-claude-response-body break-words whitespace-normal leading-&#091;1.7&#093;\">Et puis, ce faisant, quelques ann\u00e9es plus tard, je me suis int\u00e9ress\u00e9 un petit peu \u00e0 l&rsquo;histoire profonde de Toulon.<\/p>\n<p class=\"font-claude-response-body break-words whitespace-normal leading-&#091;1.7&#093;\">Alors, les singularit\u00e9s de Toulon en elles-m\u00eames\u2026 En r\u00e9sum\u00e9, je crois qu&rsquo;elle est contrast\u00e9e sur deux plans.<\/p>\n<p class=\"font-claude-response-body break-words whitespace-normal leading-&#091;1.7&#093;\">Premier plan : pour moi, le mur porteur de Toulon, c&rsquo;est sa marine. Toulon a \u00e9t\u00e9 une ville faite par et pour l&rsquo;\u00c9tat. C&rsquo;est-\u00e0-dire qu&rsquo;elle a \u00e9t\u00e9 cr\u00e9\u00e9e pour cela. Et donc toute l&rsquo;histoire politique de Toulon se lit souvent au travers de la marine. C&rsquo;est une ville qui se situe effectivement en Provence, mais on ne peut pas comprendre Toulon si on ne comprend pas que c&rsquo;est aussi une ville d&rsquo;\u00c9tat, une ville construite par l&rsquo;\u00c9tat, qui est finalement assez peu proven\u00e7ale.<\/p>\n<p class=\"font-claude-response-body break-words whitespace-normal leading-&#091;1.7&#093;\">D&rsquo;abord, les rois \u2014 Henri IV, Louis XIII, Louis XIV, Colbert \u2014 ont fait de Toulon la ville de la marine, la ville d&rsquo;\u00c9tat. C&rsquo;\u00e9tait la ville de toutes les projections de la marine et de l&rsquo;\u00c9tat, y compris coloniales, il faut le dire : les troupes de marine, tout cela. Et puis toute l&rsquo;histoire de Toulon \u2014 de la reconqu\u00eate par Bonaparte jusqu&rsquo;au sabordage de la flotte, en passant par la conqu\u00eate de l&rsquo;Alg\u00e9rie \u2014 tout est parti de Toulon. C&rsquo;est une ville martiale. Vraiment.<\/p>\n<p class=\"font-claude-response-body break-words whitespace-normal leading-&#091;1.7&#093;\"><strong>MILIEUX DU MONDE<\/strong> \u2014 Et le deuxi\u00e8me plan ?<\/p>\n<p class=\"font-claude-response-body break-words whitespace-normal leading-&#091;1.7&#093;\"><strong>Marc Bayle<\/strong> \u2014 Le deuxi\u00e8me \u00e9l\u00e9ment pour comprendre Toulon, c&rsquo;est aussi une ville qui n&rsquo;a pas forc\u00e9ment, au plan national, une excellente r\u00e9putation \u2014 voire une mauvaise r\u00e9putation, un peu comme Marseille d&rsquo;ailleurs.<\/p>\n<p class=\"font-claude-response-body break-words whitespace-normal leading-&#091;1.7&#093;\">Je ne peux pas m&#8217;emp\u00eacher, pour illustrer mon propos, de me r\u00e9f\u00e9rer aux vers de Victor Hugo, que je cite beaucoup dans mon ouvrage. Victor Hugo \u00e9tait int\u00e9ress\u00e9 par Toulon puisque dans <em>Les Mis\u00e9rables<\/em>, il y a Jean Valjean et le bagne de Toulon. Il \u00e9tait venu faire des enqu\u00eates sur le bagne. Et dans <em>Les Ch\u00e2timents<\/em>, il consacre un po\u00e8me \u00e0 Toulon. Son vers central, qui r\u00e9sume un peu cette singularit\u00e9, je le cite : <em>\u00ab Ville que l&rsquo;infamie et la gloire ensemencent. \u00bb<\/em><\/p>\n<p class=\"font-claude-response-body break-words whitespace-normal leading-&#091;1.7&#093;\">L&rsquo;infamie d&rsquo;abord. L&rsquo;infamie, c&rsquo;est le bagne. C&rsquo;est la ville des vergondages portuaires. Il y a des marins, il y a des filles publiques. Et longtemps, cette r\u00e9putation a coll\u00e9 \u00e0 la ville. Une ville aussi insalubre. Plus contemporain, il y a eu le sabordage de la flotte \u2014 voulu par la flotte elle-m\u00eame, d&rsquo;ailleurs, pas par la marine. Donc mauvaise r\u00e9putation.<\/p>\n<p class=\"font-claude-response-body break-words whitespace-normal leading-&#091;1.7&#093;\">Et la gloire ? La gloire, c&rsquo;est la Royale, c&rsquo;est les bateaux, c&rsquo;est la marine, c&rsquo;est tout le prestige qui va avec. La gloire, c&rsquo;est Bonaparte aussi, puisque c&rsquo;est \u00e0 Toulon que Bonaparte fait sa perc\u00e9e m\u00e9diatique. Le petit capitaine qui devient g\u00e9n\u00e9ral. C&rsquo;est \u00e0 Toulon qu&rsquo;il se fait conna\u00eetre, c&rsquo;est l\u00e0 que tout a \u00e9t\u00e9 lanc\u00e9.<\/p>\n<p class=\"font-claude-response-body break-words whitespace-normal leading-&#091;1.7&#093;\">Et cela est rest\u00e9. Il y a eu des hauts et des bas \u2014 parfois Brest a pris le dessus \u2014 mais depuis 1972, Toulon est devenu le port principal de la marine, par la volont\u00e9 de Pompidou, du fait que les principales crises g\u00e9opolitiques se situent en M\u00e9diterran\u00e9e.<\/p>\n<p class=\"font-claude-response-body break-words whitespace-normal leading-&#091;1.7&#093;\">J&rsquo;aime bien ce vers de Victor Hugo qui, avec beaucoup de prescience, construit la singularit\u00e9 de Toulon.<\/p>\n<p class=\"font-claude-response-body break-words whitespace-normal leading-&#091;1.7&#093;\"><strong>MILIEUX DU MONDE<\/strong> \u2014 Y a-t-il d&rsquo;autres \u00e9l\u00e9ments qui forgent cette singularit\u00e9 ?<\/p>\n<p class=\"font-claude-response-body break-words whitespace-normal leading-&#091;1.7&#093;\"><strong>Marc Bayle<\/strong> \u2014 Oui, il y a un troisi\u00e8me \u00e9l\u00e9ment qui constitue un peu le sel de Toulon. C&rsquo;est une ville qui a connu ce que j&rsquo;appelle une politisation pr\u00e9coce. Au XVIII\u1d49 si\u00e8cle, comme il y avait l&rsquo;Arsenal et donc beaucoup d&rsquo;ouvriers, c&rsquo;\u00e9tait une ville o\u00f9 ont \u00e9t\u00e9 con\u00e7ues les premi\u00e8res id\u00e9es du socialisme \u2014 pas le socialisme marxiste, le socialisme utopique. Avec des troubles passagers, intermittents. C&rsquo;est un \u00e9l\u00e9ment important.<\/p>\n<p class=\"font-claude-response-body break-words whitespace-normal leading-&#091;1.7&#093;\">Et puis peut-\u00eatre un quatri\u00e8me \u00e9l\u00e9ment, et je m&rsquo;arr\u00eaterai l\u00e0 : ce n&rsquo;est pas une ville touristique.<\/p>\n<p class=\"font-claude-response-body break-words whitespace-normal leading-&#091;1.7&#093;\">Il y a d&rsquo;ailleurs tout un d\u00e9bat, m\u00eame en cours en France : o\u00f9 commence la C\u00f4te d&rsquo;Azur ? L&rsquo;inventeur de la C\u00f4te d&rsquo;Azur, c&rsquo;est un avocat qui s&rsquo;appelle Stephen Li\u00e9geard. C&rsquo;est lui qui a cr\u00e9\u00e9 le terme \u00ab C\u00f4te d&rsquo;Azur \u00bb, autour de 1880-1885. Et pour lui, Toulon, c&rsquo;est une ville de marins, de matelots, de la marine. La C\u00f4te d&rsquo;Azur, ce n&rsquo;est pas Toulon. Pour lui, la C\u00f4te d&rsquo;Azur commencerait \u00e0 Hy\u00e8res.<\/p>\n<p class=\"font-claude-response-body break-words whitespace-normal leading-&#091;1.7&#093;\">Et dans l&rsquo;esprit public, effectivement, Toulon, ce n&rsquo;est pas la C\u00f4te d&rsquo;Azur. Autant des villes comme Bandol ou Hy\u00e8res \u00e9ventuellement\u2026 Je ne parle pas des gens des Alpes-Maritimes, des Maralpins comme on dit, qui eux consid\u00e8rent que la C\u00f4te d&rsquo;Azur commencerait \u00e9ventuellement \u00e0 Saint-Rapha\u00ebl, ignorant le Var. Non, Saint-Tropez fait partie de la C\u00f4te d&rsquo;Azur, mais pas Toulon. Et c&rsquo;est vrai que Toulon n&rsquo;a pas une destin\u00e9e touristique au d\u00e9part. C&rsquo;est une ville administrative, une ville de garnison, une ville de marins, de troupes de marine.<\/p>\n\t\t<\/div>\n\t\t\t\t\t<\/div>\n\n\t\n<\/div>\n<div class=\"row\"  id=\"row-1597043135\">\n\n\t<div id=\"col-823455819\" class=\"col small-12 large-12\"  >\n\t\t\t\t<div class=\"col-inner\"  >\n\t\t\t\n\t\t\t\n<div class=\"row\"  id=\"row-1323373999\">\n\n\t<div id=\"col-343943104\" class=\"col small-12 large-12\"  >\n\t\t\t\t<div class=\"col-inner\"  >\n\t\t\t\n\t\t\t\n<div class=\"message-box relative dark\" style=\"padding-top:67px;padding-bottom:67px;\"><div class=\"message-box-bg-image bg-fill fill\" style=\"background-image:url(https:\/\/milieuxdumonde.com\/wp-content\/uploads\/2022\/05\/toulon-cover-2-1378x800.jpg);\"><\/div><div class=\"message-box-bg-overlay bg-fill fill\" ><\/div><div class=\"container relative\"><div class=\"inner last-reset\">\n<div class=\"row align-middle align-center\"  id=\"row-1634717302\">\n\n\t<div id=\"col-108030237\" class=\"col medium-9 small-12 large-9\"  >\n\t\t\t\t<div class=\"col-inner\"  >\n\t\t\t\n\t\t\t\n<p>Commandez les ouvrages de Marc Bayle et partez \u00e0 la d\u00e9couverte de la ville singuli\u00e8re de Toulon, en compagnie de Vauban, Schopenhauer, Victor Hugo, Stendhal, Michelet, Loti, Morand, Django Reinhardt, Bernanos, Gilbert B\u00e9caud, et bien d\u2019autres !<\/p>\n\t\t<\/div>\n\t\t\t\t\t<\/div>\n\n\t\n\n\t<div id=\"col-29322345\" class=\"col medium-2 small-12 large-2\"  >\n\t\t\t\t<div class=\"col-inner text-center\"  >\n\t\t\t\n\t\t\t\n<a href=\"https:\/\/milieuxdumonde.com\/en\/product-category\/livres\/\" class=\"button primary is-bevel is-large hp-cta\"  style=\"border-radius:99px;\">\n\t\t<span>Order<\/span>\n\t<\/a>\n\n\t\t<\/div>\n\t\t\t\t\t<\/div>\n\n\t\n<\/div>\n<\/div><\/div><\/div>\n\t\t<\/div>\n\t\t\t\t\t<\/div>\n\n\t\n<\/div>\n\t\t<\/div>\n\t\t\t\t\t<\/div>\n\n\t\n<\/div>","protected":false},"excerpt":{"rendered":"<p>Entretien avec Marc Bayle &#8211; \u00c9pisode 1: Toulon, ville d\u2019attache.<\/p>","protected":false},"author":3,"featured_media":978,"parent":0,"menu_order":0,"comment_status":"closed","ping_status":"closed","template":"","meta":{"footnotes":""},"class_list":["post-2830","page","type-page","status-publish","has-post-thumbnail","hentry"],"yoast_head":"<!-- This site is optimized with the Yoast SEO plugin v27.4 - https:\/\/yoast.com\/product\/yoast-seo-wordpress\/ -->\n<title>Entretien avec Marc Bayle - \u00c9pisode 1: Toulon, ville d\u2019attache - MILIEUX DU MONDE<\/title>\n<meta name=\"robots\" content=\"index, follow, max-snippet:-1, max-image-preview:large, max-video-preview:-1\" \/>\n<link rel=\"canonical\" href=\"https:\/\/milieuxdumonde.com\/en\/entretien-avec-marc-bayle-episode-1-toulon-ville-dattache\/\" \/>\n<meta property=\"og:locale\" content=\"en_US\" \/>\n<meta property=\"og:type\" content=\"article\" \/>\n<meta property=\"og:title\" content=\"Entretien avec Marc Bayle - \u00c9pisode 1: Toulon, ville d\u2019attache - MILIEUX DU MONDE\" \/>\n<meta property=\"og:description\" content=\"Entretien avec Marc Bayle &#8211; \u00c9pisode 1: Toulon, ville d\u2019attache.\" \/>\n<meta property=\"og:url\" content=\"https:\/\/milieuxdumonde.com\/en\/entretien-avec-marc-bayle-episode-1-toulon-ville-dattache\/\" \/>\n<meta property=\"og:site_name\" content=\"MILIEUX DU MONDE\" \/>\n<meta property=\"article:modified_time\" content=\"2026-04-29T13:28:26+00:00\" \/>\n<meta property=\"og:image\" content=\"https:\/\/milieuxdumonde.com\/wp-content\/uploads\/2022\/05\/Arsenal_toulon-scaled.jpeg\" \/>\n\t<meta property=\"og:image:width\" content=\"2560\" \/>\n\t<meta property=\"og:image:height\" content=\"1920\" \/>\n\t<meta property=\"og:image:type\" content=\"image\/jpeg\" \/>\n<meta name=\"twitter:card\" content=\"summary_large_image\" \/>\n<meta name=\"twitter:label1\" content=\"Est. reading time\" \/>\n\t<meta name=\"twitter:data1\" content=\"7 minutes\" \/>\n<script type=\"application\/ld+json\" class=\"yoast-schema-graph\">{\"@context\":\"https:\\\/\\\/schema.org\",\"@graph\":[{\"@type\":\"WebPage\",\"@id\":\"https:\\\/\\\/milieuxdumonde.com\\\/entretien-avec-marc-bayle-episode-1-toulon-ville-dattache\\\/\",\"url\":\"https:\\\/\\\/milieuxdumonde.com\\\/entretien-avec-marc-bayle-episode-1-toulon-ville-dattache\\\/\",\"name\":\"Entretien avec Marc Bayle - \u00c9pisode 1: Toulon, ville d\u2019attache - MILIEUX DU MONDE\",\"isPartOf\":{\"@id\":\"https:\\\/\\\/milieuxdumonde.com\\\/#website\"},\"primaryImageOfPage\":{\"@id\":\"https:\\\/\\\/milieuxdumonde.com\\\/entretien-avec-marc-bayle-episode-1-toulon-ville-dattache\\\/#primaryimage\"},\"image\":{\"@id\":\"https:\\\/\\\/milieuxdumonde.com\\\/entretien-avec-marc-bayle-episode-1-toulon-ville-dattache\\\/#primaryimage\"},\"thumbnailUrl\":\"https:\\\/\\\/milieuxdumonde.com\\\/wp-content\\\/uploads\\\/2022\\\/05\\\/Arsenal_toulon-scaled.jpeg\",\"datePublished\":\"2026-04-29T11:48:17+00:00\",\"dateModified\":\"2026-04-29T13:28:26+00:00\",\"breadcrumb\":{\"@id\":\"https:\\\/\\\/milieuxdumonde.com\\\/entretien-avec-marc-bayle-episode-1-toulon-ville-dattache\\\/#breadcrumb\"},\"inLanguage\":\"en-US\",\"potentialAction\":[{\"@type\":\"ReadAction\",\"target\":[\"https:\\\/\\\/milieuxdumonde.com\\\/entretien-avec-marc-bayle-episode-1-toulon-ville-dattache\\\/\"]}]},{\"@type\":\"ImageObject\",\"inLanguage\":\"en-US\",\"@id\":\"https:\\\/\\\/milieuxdumonde.com\\\/entretien-avec-marc-bayle-episode-1-toulon-ville-dattache\\\/#primaryimage\",\"url\":\"https:\\\/\\\/milieuxdumonde.com\\\/wp-content\\\/uploads\\\/2022\\\/05\\\/Arsenal_toulon-scaled.jpeg\",\"contentUrl\":\"https:\\\/\\\/milieuxdumonde.com\\\/wp-content\\\/uploads\\\/2022\\\/05\\\/Arsenal_toulon-scaled.jpeg\",\"width\":2560,\"height\":1920},{\"@type\":\"BreadcrumbList\",\"@id\":\"https:\\\/\\\/milieuxdumonde.com\\\/entretien-avec-marc-bayle-episode-1-toulon-ville-dattache\\\/#breadcrumb\",\"itemListElement\":[{\"@type\":\"ListItem\",\"position\":1,\"name\":\"Accueil\",\"item\":\"https:\\\/\\\/milieuxdumonde.com\\\/\"},{\"@type\":\"ListItem\",\"position\":2,\"name\":\"Entretien avec Marc Bayle &#8211; \u00c9pisode 1: Toulon, ville d\u2019attache\"}]},{\"@type\":\"WebSite\",\"@id\":\"https:\\\/\\\/milieuxdumonde.com\\\/#website\",\"url\":\"https:\\\/\\\/milieuxdumonde.com\\\/\",\"name\":\"MILIEUX DU MONDE\",\"description\":\"Maison d\u2019\u00e9dition sp\u00e9cialis\u00e9e sur l\u2019Asie et les espaces maritimes\",\"publisher\":{\"@id\":\"https:\\\/\\\/milieuxdumonde.com\\\/#organization\"},\"potentialAction\":[{\"@type\":\"SearchAction\",\"target\":{\"@type\":\"EntryPoint\",\"urlTemplate\":\"https:\\\/\\\/milieuxdumonde.com\\\/?s={search_term_string}\"},\"query-input\":{\"@type\":\"PropertyValueSpecification\",\"valueRequired\":true,\"valueName\":\"search_term_string\"}}],\"inLanguage\":\"en-US\"},{\"@type\":\"Organization\",\"@id\":\"https:\\\/\\\/milieuxdumonde.com\\\/#organization\",\"name\":\"MILIEUX DU MONDE\",\"url\":\"https:\\\/\\\/milieuxdumonde.com\\\/\",\"logo\":{\"@type\":\"ImageObject\",\"inLanguage\":\"en-US\",\"@id\":\"https:\\\/\\\/milieuxdumonde.com\\\/#\\\/schema\\\/logo\\\/image\\\/\",\"url\":\"https:\\\/\\\/milieuxdumonde.com\\\/wp-content\\\/uploads\\\/2025\\\/11\\\/MM-Editions-recadre-linkedin.jpg\",\"contentUrl\":\"https:\\\/\\\/milieuxdumonde.com\\\/wp-content\\\/uploads\\\/2025\\\/11\\\/MM-Editions-recadre-linkedin.jpg\",\"width\":1664,\"height\":1664,\"caption\":\"MILIEUX DU MONDE\"},\"image\":{\"@id\":\"https:\\\/\\\/milieuxdumonde.com\\\/#\\\/schema\\\/logo\\\/image\\\/\"}}]}<\/script>\n<!-- \/ Yoast SEO plugin. -->","yoast_head_json":{"title":"Entretien avec Marc Bayle - \u00c9pisode 1: Toulon, ville d\u2019attache - MILIEUX DU MONDE","robots":{"index":"index","follow":"follow","max-snippet":"max-snippet:-1","max-image-preview":"max-image-preview:large","max-video-preview":"max-video-preview:-1"},"canonical":"https:\/\/milieuxdumonde.com\/en\/entretien-avec-marc-bayle-episode-1-toulon-ville-dattache\/","og_locale":"en_US","og_type":"article","og_title":"Entretien avec Marc Bayle - \u00c9pisode 1: Toulon, ville d\u2019attache - MILIEUX DU MONDE","og_description":"Entretien avec Marc Bayle &#8211; \u00c9pisode 1: Toulon, ville d\u2019attache.","og_url":"https:\/\/milieuxdumonde.com\/en\/entretien-avec-marc-bayle-episode-1-toulon-ville-dattache\/","og_site_name":"MILIEUX DU MONDE","article_modified_time":"2026-04-29T13:28:26+00:00","og_image":[{"width":2560,"height":1920,"url":"https:\/\/milieuxdumonde.com\/wp-content\/uploads\/2022\/05\/Arsenal_toulon-scaled.jpeg","type":"image\/jpeg"}],"twitter_card":"summary_large_image","twitter_misc":{"Est. reading time":"7 minutes"},"schema":{"@context":"https:\/\/schema.org","@graph":[{"@type":"WebPage","@id":"https:\/\/milieuxdumonde.com\/entretien-avec-marc-bayle-episode-1-toulon-ville-dattache\/","url":"https:\/\/milieuxdumonde.com\/entretien-avec-marc-bayle-episode-1-toulon-ville-dattache\/","name":"Entretien avec Marc Bayle - \u00c9pisode 1: Toulon, ville d\u2019attache - MILIEUX DU MONDE","isPartOf":{"@id":"https:\/\/milieuxdumonde.com\/#website"},"primaryImageOfPage":{"@id":"https:\/\/milieuxdumonde.com\/entretien-avec-marc-bayle-episode-1-toulon-ville-dattache\/#primaryimage"},"image":{"@id":"https:\/\/milieuxdumonde.com\/entretien-avec-marc-bayle-episode-1-toulon-ville-dattache\/#primaryimage"},"thumbnailUrl":"https:\/\/milieuxdumonde.com\/wp-content\/uploads\/2022\/05\/Arsenal_toulon-scaled.jpeg","datePublished":"2026-04-29T11:48:17+00:00","dateModified":"2026-04-29T13:28:26+00:00","breadcrumb":{"@id":"https:\/\/milieuxdumonde.com\/entretien-avec-marc-bayle-episode-1-toulon-ville-dattache\/#breadcrumb"},"inLanguage":"en-US","potentialAction":[{"@type":"ReadAction","target":["https:\/\/milieuxdumonde.com\/entretien-avec-marc-bayle-episode-1-toulon-ville-dattache\/"]}]},{"@type":"ImageObject","inLanguage":"en-US","@id":"https:\/\/milieuxdumonde.com\/entretien-avec-marc-bayle-episode-1-toulon-ville-dattache\/#primaryimage","url":"https:\/\/milieuxdumonde.com\/wp-content\/uploads\/2022\/05\/Arsenal_toulon-scaled.jpeg","contentUrl":"https:\/\/milieuxdumonde.com\/wp-content\/uploads\/2022\/05\/Arsenal_toulon-scaled.jpeg","width":2560,"height":1920},{"@type":"BreadcrumbList","@id":"https:\/\/milieuxdumonde.com\/entretien-avec-marc-bayle-episode-1-toulon-ville-dattache\/#breadcrumb","itemListElement":[{"@type":"ListItem","position":1,"name":"Accueil","item":"https:\/\/milieuxdumonde.com\/"},{"@type":"ListItem","position":2,"name":"Entretien avec Marc Bayle &#8211; \u00c9pisode 1: Toulon, ville d\u2019attache"}]},{"@type":"WebSite","@id":"https:\/\/milieuxdumonde.com\/#website","url":"https:\/\/milieuxdumonde.com\/","name":"MILIEUX DU MONDE","description":"Publishing house specializing in Asia and maritime areas","publisher":{"@id":"https:\/\/milieuxdumonde.com\/#organization"},"potentialAction":[{"@type":"SearchAction","target":{"@type":"EntryPoint","urlTemplate":"https:\/\/milieuxdumonde.com\/?s={search_term_string}"},"query-input":{"@type":"PropertyValueSpecification","valueRequired":true,"valueName":"search_term_string"}}],"inLanguage":"en-US"},{"@type":"Organization","@id":"https:\/\/milieuxdumonde.com\/#organization","name":"MILIEUX DU MONDE","url":"https:\/\/milieuxdumonde.com\/","logo":{"@type":"ImageObject","inLanguage":"en-US","@id":"https:\/\/milieuxdumonde.com\/#\/schema\/logo\/image\/","url":"https:\/\/milieuxdumonde.com\/wp-content\/uploads\/2025\/11\/MM-Editions-recadre-linkedin.jpg","contentUrl":"https:\/\/milieuxdumonde.com\/wp-content\/uploads\/2025\/11\/MM-Editions-recadre-linkedin.jpg","width":1664,"height":1664,"caption":"MILIEUX DU MONDE"},"image":{"@id":"https:\/\/milieuxdumonde.com\/#\/schema\/logo\/image\/"}}]}},"_links":{"self":[{"href":"https:\/\/milieuxdumonde.com\/en\/wp-json\/wp\/v2\/pages\/2830","targetHints":{"allow":["GET"]}}],"collection":[{"href":"https:\/\/milieuxdumonde.com\/en\/wp-json\/wp\/v2\/pages"}],"about":[{"href":"https:\/\/milieuxdumonde.com\/en\/wp-json\/wp\/v2\/types\/page"}],"author":[{"embeddable":true,"href":"https:\/\/milieuxdumonde.com\/en\/wp-json\/wp\/v2\/users\/3"}],"replies":[{"embeddable":true,"href":"https:\/\/milieuxdumonde.com\/en\/wp-json\/wp\/v2\/comments?post=2830"}],"version-history":[{"count":5,"href":"https:\/\/milieuxdumonde.com\/en\/wp-json\/wp\/v2\/pages\/2830\/revisions"}],"predecessor-version":[{"id":2862,"href":"https:\/\/milieuxdumonde.com\/en\/wp-json\/wp\/v2\/pages\/2830\/revisions\/2862"}],"wp:featuredmedia":[{"embeddable":true,"href":"https:\/\/milieuxdumonde.com\/en\/wp-json\/wp\/v2\/media\/978"}],"wp:attachment":[{"href":"https:\/\/milieuxdumonde.com\/en\/wp-json\/wp\/v2\/media?parent=2830"}],"curies":[{"name":"wp","href":"https:\/\/api.w.org\/{rel}","templated":true}]}}